{"id":733,"date":"2022-02-24T14:11:37","date_gmt":"2022-02-24T14:11:37","guid":{"rendered":"https:\/\/www.bluetourism.eu\/about\/"},"modified":"2024-02-01T08:21:13","modified_gmt":"2024-02-01T08:21:13","slug":"about","status":"publish","type":"page","link":"https:\/\/bluetourism.eu\/pt-pt\/about\/","title":{"rendered":"Sobre"},"content":{"rendered":"<h1>Sobre<\/h1>\n<h1><em>Build a network of local advisors to put small tourism providers in watercourse regions on a more sustainable path.<br \/>\n<\/em><\/h1>\n<div>\n<p>        <img decoding=\"async\" src=\"\/wp-content\/uploads\/2022\/03\/overview-svg-1.svg\" alt=\"\"><\/p>\n<h3>Vis\u00e3o Geral<\/h3>\n<div>\n<p><span>Devido \u00e0 pandemia COVID 19, o setor do turismo foi extremamente atingido, num contexto em que as restri\u00e7\u00f5es \u00e0s viagens internacionais causaram um decl\u00ednio da atividade que se situou entre os 45% e os 70% (OCDE).<br \/>\n<\/span><\/p>\n<p><span>O BLUE TOURISM representa uma oportunidade para repensar o turismo, na transi\u00e7\u00e3o de modelos de turismo intensivos para modelos de turismo sustent\u00e1vel.<br \/>\n<\/span><\/p>\n<\/div>\n<\/div>\n<div>\n<p>        <img decoding=\"async\" src=\"\/wp-content\/uploads\/2022\/03\/aims-obj.svg\" alt=\"\"><\/p>\n<h3>Objetivo<\/h3>\n<div>\n<p><span>O projeto tem pretende formar e capacitar uma rede de futuros conselheiros locais com as compet\u00eancias necess\u00e1rias para que possam apoiar e aconselhar pequenos operadores de turismo, em regi\u00f5es com cursos de \u00e1gua, a serem mais sustent\u00e1veis e competitivos, com enfoque estrat\u00e9gico nas seguintes \u00e1reas:<br \/>\n<\/span><\/p>\n<ol>\n<li><span>Turismo sustent\u00e1vel e Objetivos de Desenvolvimento Sustent\u00e1vel (ODS);<br \/>\n<\/span><\/li>\n<li><span>\u00c9tica e responsabilidade social no turismo;<\/span><\/li>\n<li><span>Patrim\u00f3nio natural e cultural;  <\/span><\/li>\n<li><span>Competitividade e desenvolvimento sustent\u00e1vel do tecido empresarial local; <\/span><\/li>\n<li><span>Inova\u00e7\u00e3o e transforma\u00e7\u00e3o digital; <\/span><\/li>\n<li><span>Networking e parcerias locais;<\/span><\/li>\n<li><span>Branding e marketing digital;<br \/>\n<\/span><\/li>\n<li><span>Estrat\u00e9gia de internacionaliza\u00e7\u00e3o.<\/span><\/li>\n<\/ol>\n<\/div>\n<\/div>\n<div>\n<p>        <img decoding=\"async\" src=\"\/wp-content\/uploads\/2022\/03\/spec-obje.svg\" alt=\"\"><\/p>\n<h3>Objetivos<\/h3>\n<div>\n<div>\n<p><span>O projeto tem como objetivos:<\/span><\/p>\n<ul>\n<li><span>Criar um novo perfil de compet\u00eancias para o sector do turismo: <b>o consultor de turismo local sustent\u00e1vel<\/b><\/span><\/li>\n<li><span s=\"\">Contribuir para o desenvolvimento do turismo sustent\u00e1vel a n\u00edvel local atrav\u00e9s da capacita\u00e7\u00e3o e refor\u00e7o de compet\u00eancias de pequenos operadores de turismo<\/span><\/li>\n<li><span>Promover destinos tur\u00edsticos menos conhecidos, em regi\u00f5es de cursos \u00e1gua, dando visibilidade \u00e0s suas pr\u00e1ticas sustent\u00e1veis e inovadoras<br \/>\n<\/span><\/li>\n<li><span>Contribuir para pr\u00e1ticas e pol\u00edticas locais de turismo sustent\u00e1vel promovendo o debate sobre os desafios e oportunidades do turismo sustent\u00e1vel ancorado em regi\u00f5es com cursos de \u00e1gua<br \/>\n<\/span><\/li>\n<\/ul>\n<p><span>P\u00fablico-alvo:<br \/>\n<\/span><\/p>\n<ul>\n<li><span> Consultores de turismo sustent\u00e1vel<br \/>\n<\/span><\/li>\n<li><span> Pequenos operadores de turismo<br \/>\n<\/span><\/li>\n<li><span> Institui\u00e7\u00f5es de EFP (Ensino e Forma\u00e7\u00e3o Profissional)<br \/>\n<\/span><\/li>\n<\/ul>\n<\/div>\n<\/div>\n<\/div>\n<h1>Parceiros<\/h1>\n<ul>\n<li>\n<p>        <img decoding=\"async\" src=\"\/wp-content\/uploads\/2022\/03\/CIMMB.png\" alt=\"\"><\/p>\n<h3>Comunidade Intermunicipal da Beira Baixa (CIMBB)<\/h3>\n<div>\n<p><span data-sheets-value=\"{&quot;1&quot;:2,&quot;2&quot;:&quot;The Comunidade Intermunicipal da Beira Baixa (CIMBB) (Intermunicipal Community of Beira Baixa), officially created in March 2009, is a collective person of public law, of associative nature and territorial scope. The geographical scope of CIMBB is the new level III Statistical Territorial Unit (NUT Beira Baixa), which comprises the Municipalities of Castelo Branco, Idanha-a-Nova, Oleiros, Penamacor, Proen\u00e7a-a-Nova and Vila Velha de R\u00f3d\u00e3o. Among a wide range of attributions, the CIMBB has, as its objective, the accomplishment of the specific interests of its associates, the municipalities, in the areas of promotion, planning and management of the economic, social and environmental development strategy of the Beira Baixa territory, and is also responsible for the educational and professional training network. These attributions, therefore, include all the initiatives of intermunicipal scope that are developed in the areas of education and strategic and economic development.&quot;}\" data-sheets-userformat=\"{&quot;2&quot;:14749,&quot;3&quot;:{&quot;1&quot;:0,&quot;3&quot;:1},&quot;5&quot;:{&quot;1&quot;:[{&quot;1&quot;:2,&quot;2&quot;:0,&quot;5&quot;:{&quot;1&quot;:2,&quot;2&quot;:0}},{&quot;1&quot;:0,&quot;2&quot;:0,&quot;3&quot;:3},{&quot;1&quot;:1,&quot;2&quot;:0,&quot;4&quot;:1}]},&quot;6&quot;:{&quot;1&quot;:[{&quot;1&quot;:2,&quot;2&quot;:0,&quot;5&quot;:{&quot;1&quot;:2,&quot;2&quot;:0}},{&quot;1&quot;:0,&quot;2&quot;:0,&quot;3&quot;:3},{&quot;1&quot;:1,&quot;2&quot;:0,&quot;4&quot;:1}]},&quot;7&quot;:{&quot;1&quot;:[{&quot;1&quot;:2,&quot;2&quot;:0,&quot;5&quot;:{&quot;1&quot;:2,&quot;2&quot;:0}},{&quot;1&quot;:0,&quot;2&quot;:0,&quot;3&quot;:3},{&quot;1&quot;:1,&quot;2&quot;:0,&quot;4&quot;:1}]},&quot;10&quot;:1,&quot;11&quot;:4,&quot;14&quot;:{&quot;1&quot;:3,&quot;3&quot;:1},&quot;15&quot;:&quot;Calibri&quot;,&quot;16&quot;:11}\">A Comunidade Intermunicipal da Beira Baixa (CIMBB), criada oficialmente em mar\u00e7o de 2009, \u00e9 uma entidade p\u00fablica, de natureza associativa e de \u00e2mbito territorial. O \u00e2mbito geogr\u00e1fico da CIMBB \u00e9 a nova Unidade Territorial Estat\u00edstica de n\u00edvel III (NUTS Beira Baixa), que compreende os Munic\u00edpios de Castelo Branco, Idanha-a-Nova, Oleiros, Penamacor, Proen\u00e7a-a-Nova e Vila Velha de R\u00f3d\u00e3o. Entre um vasto leque de atribui\u00e7\u00f5es, tem como objetivo a realiza\u00e7\u00e3o dos interesses espec\u00edficos dos seus associados, os munic\u00edpios, nas \u00e1reas da promo\u00e7\u00e3o, planeamento e gest\u00e3o da estrat\u00e9gia de desenvolvimento econ\u00f3mico, social e ambiental do territ\u00f3rio da Beira Baixa, sendo tamb\u00e9m respons\u00e1vel pela rede de ensino e forma\u00e7\u00e3o profissional. Estas atribui\u00e7\u00f5es incluem, portanto, todas as iniciativas de \u00e2mbito intermunicipal que se desenvolvam nas \u00e1reas da forma\u00e7\u00e3o e do desenvolvimento estrat\u00e9gico e econ\u00f3mico.<\/span><\/p>\n<\/div>\n<p><a href=\"http:\/\/www.cimbb.pt\/\">Site<\/a><\/p>\n<\/li>\n<li>\n<p>        <img decoding=\"async\" src=\"\/wp-content\/uploads\/2022\/03\/CARDET.png\" alt=\"\"><\/p>\n<h3>CARDET<\/h3>\n<div>\n<p><span data-sheets-value=\"{&quot;1&quot;:2,&quot;2&quot;:&quot;CARDET (Centre for the Advancement of Research and Development in Educational Technology) is the leading research and development centre in the Mediterranean region with global expertise in education, digital skills, and capacity building. \\nAs the largest independent non-profit centre based in Cyprus, CARDET has completed more than 300 projects in more than 50 countries, relating to innovation and entrepreneurship, new technologies, gamification, digital skills, upskilling pathways, education and inclusion. CARDET brings together an international team of experts with decades of global expertise in education research and development. Members of our team, board of directors, and advisory board have served in high profile positions for organisations like UNESCO, Commonwealth of Learning, OECD, Google, and the American Educational Research Association. &quot;}\" data-sheets-userformat=\"{&quot;2&quot;:14813,&quot;3&quot;:{&quot;1&quot;:0,&quot;3&quot;:1},&quot;5&quot;:{&quot;1&quot;:[{&quot;1&quot;:2,&quot;2&quot;:0,&quot;5&quot;:{&quot;1&quot;:2,&quot;2&quot;:0}},{&quot;1&quot;:0,&quot;2&quot;:0,&quot;3&quot;:3},{&quot;1&quot;:1,&quot;2&quot;:0,&quot;4&quot;:1}]},&quot;6&quot;:{&quot;1&quot;:[{&quot;1&quot;:2,&quot;2&quot;:0,&quot;5&quot;:{&quot;1&quot;:2,&quot;2&quot;:0}},{&quot;1&quot;:0,&quot;2&quot;:0,&quot;3&quot;:3},{&quot;1&quot;:1,&quot;2&quot;:0,&quot;4&quot;:1}]},&quot;7&quot;:{&quot;1&quot;:[{&quot;1&quot;:2,&quot;2&quot;:0,&quot;5&quot;:{&quot;1&quot;:2,&quot;2&quot;:0}},{&quot;1&quot;:0,&quot;2&quot;:0,&quot;3&quot;:3},{&quot;1&quot;:1,&quot;2&quot;:0,&quot;4&quot;:1}]},&quot;9&quot;:0,&quot;10&quot;:1,&quot;11&quot;:4,&quot;14&quot;:{&quot;1&quot;:3,&quot;3&quot;:1},&quot;15&quot;:&quot;Calibri&quot;,&quot;16&quot;:11}\">O CARDET (Centre for the Advancement of Research and Development in Educational Technology) \u00e9 o principal centro de investiga\u00e7\u00e3o e desenvolvimento na regi\u00e3o mediterr\u00e2nica, com experi\u00eancia global em forma\u00e7\u00e3o, compet\u00eancias digitais e desenvolvimento de compet\u00eancias. <br \/>Com sede no Chipre, \u00e9 o maior centro independente sem fins lucrativos , tendo concluindo mais de 300 projetos em mais de 50 pa\u00edses, relacionados com a inova\u00e7\u00e3o e o empreendedorismo, as novas tecnologias, a gamifica\u00e7\u00e3o, as compet\u00eancias digitais, os percursos de melhoria de compet\u00eancias, a forma\u00e7\u00e3o e a inclus\u00e3o. A CARDET re\u00fane uma equipa internacional de peritos com d\u00e9cadas de experi\u00eancia global em investiga\u00e7\u00e3o e desenvolvimento no dom\u00ednio da forma\u00e7\u00e3o. Os membros da equipa, do conselho de administra\u00e7\u00e3o e do conselho consultivo ocuparam cargos de relevo em organiza\u00e7\u00f5es como a UNESCO, a Commonwealth of Learning, a OCDE, a Google e a American Educational Research Association.<\/span><\/p>\n<\/div>\n<p><a href=\"https:\/\/www.cardet.org\/\">Site<\/a><\/p>\n<\/li>\n<li>\n<p>        <img decoding=\"async\" src=\"\/wp-content\/uploads\/2022\/03\/University-of-Maribor-UM-SLO.png\" alt=\"\"><\/p>\n<h3>International Center for Ecoremediations<\/h3>\n<div>\n<p><span data-sheets-value=\"{&quot;1&quot;:2,&quot;2&quot;:&quot;International Center for Ecoremediations is an applicative research center operating at the University of Maribor, Faculty of Arts, for more than 10 years. The ERM Center deals with sustainable regional development, natural resources management, circular economy, pollution and degradation prevention, climate change mitigation and adaptation, environmental education and green job creation. The main aim of the ERM Center is the implementation of sustainable practices to increase environmental and social responsibility. In doing so, the ERM Center successfully collaborates with businesses, municipalities, development agencies, educational institutions and other partners on national, European and intercontinental level. Members of ERM Center were awarded with national prizes for social responsibility, best research and science communication and are also members of expert groups at the ministry for agriculture and ministry for education. &quot;}\" data-sheets-userformat=\"{&quot;2&quot;:14813,&quot;3&quot;:{&quot;1&quot;:0,&quot;3&quot;:1},&quot;5&quot;:{&quot;1&quot;:[{&quot;1&quot;:2,&quot;2&quot;:0,&quot;5&quot;:{&quot;1&quot;:2,&quot;2&quot;:0}},{&quot;1&quot;:0,&quot;2&quot;:0,&quot;3&quot;:3},{&quot;1&quot;:1,&quot;2&quot;:0,&quot;4&quot;:1}]},&quot;6&quot;:{&quot;1&quot;:[{&quot;1&quot;:2,&quot;2&quot;:0,&quot;5&quot;:{&quot;1&quot;:2,&quot;2&quot;:0}},{&quot;1&quot;:0,&quot;2&quot;:0,&quot;3&quot;:3},{&quot;1&quot;:1,&quot;2&quot;:0,&quot;4&quot;:1}]},&quot;7&quot;:{&quot;1&quot;:[{&quot;1&quot;:2,&quot;2&quot;:0,&quot;5&quot;:{&quot;1&quot;:2,&quot;2&quot;:0}},{&quot;1&quot;:0,&quot;2&quot;:0,&quot;3&quot;:3},{&quot;1&quot;:1,&quot;2&quot;:0,&quot;4&quot;:1}]},&quot;9&quot;:0,&quot;10&quot;:1,&quot;11&quot;:4,&quot;14&quot;:{&quot;1&quot;:3,&quot;3&quot;:1},&quot;15&quot;:&quot;Calibri&quot;,&quot;16&quot;:11}\">O International Center for Ecoremediations \u00e9 um centro de investiga\u00e7\u00e3o aplicada que funciona na Universidade de Maribor h\u00e1 mais de 10 anos. O Centro ERM lida com o desenvolvimento regional sustent\u00e1vel, a gest\u00e3o dos recursos naturais, a economia circular, a preven\u00e7\u00e3o da polui\u00e7\u00e3o, a adapta\u00e7\u00e3o \u00e0s altera\u00e7\u00f5es clim\u00e1ticas, a educa\u00e7\u00e3o ambiental e a cria\u00e7\u00e3o de emprego verde. Tem como principal objetivo a implementa\u00e7\u00e3o de pr\u00e1ticas sustent\u00e1veis para aumentar a responsabilidade ambiental e social. Ao faz\u00ea-lo, colabora com sucesso com empresas, munic\u00edpios, ag\u00eancias de desenvolvimento, institui\u00e7\u00f5es de ensino e outros parceiros ao n\u00edvel nacional, europeu e intercontinental. Os membros do Centro foram galardoados com pr\u00e9mios nacionais de responsabilidade social, investiga\u00e7\u00e3o e comunica\u00e7\u00e3o cient\u00edfica e s\u00e3o tamb\u00e9m membros de grupos de peritos do Minist\u00e9rio da Agricultura e do Minist\u00e9rio da Educa\u00e7\u00e3o.<\/span><\/p>\n<\/div>\n<p><a href=\"https:\/\/ff.um.si\/raziskovanje\/raziskovalni-centri\/erm\/ \">Site<\/a><\/p>\n<\/li>\n<li>\n<p>        <img decoding=\"async\" src=\"\/wp-content\/uploads\/2022\/03\/Mindshift.png\" alt=\"\"><\/p>\n<h3>Mindshift Talent Advisory<\/h3>\n<div>\n<p><span data-sheets-value=\"{&quot;1&quot;:2,&quot;2&quot;:&quot;Mindshift is a consulting company specialised in Human Resources that invests in the performance and upskilling of people\u2019s competences, seeking to boost the digital and interpersonal maturity in organisations and society.\\nAt national level, MINDSHIFT has as one of its main partners The Key Talent Portugal, a HR Tech Consulting specialised in Social Attraction and Talent Assessment that develops platforms, such as Panorama and AplyGo, that allow to optimise, implement and manage digital, agile and attractive HR processes based on data analysis.\\nAt European level, we are a strategic partner for the development of transnational cooperation projects aiming to create innovative solutions in the area of youth and adult training, in six key-areas: upskilling &amp; reskilling, inclusion &amp; employability, sustainable development, women empowerment, \\tentrepreneurship &amp; creativity, and digital talent.\\nMindshift is strongly committed to the principles of Social Responsibility and the 2030 Agenda for Sustainable Development, bringing together a team of staff with various backgrounds and professional experience.\\n&quot;}\" data-sheets-userformat=\"{&quot;2&quot;:14813,&quot;3&quot;:{&quot;1&quot;:0,&quot;3&quot;:1},&quot;5&quot;:{&quot;1&quot;:[{&quot;1&quot;:2,&quot;2&quot;:0,&quot;5&quot;:{&quot;1&quot;:2,&quot;2&quot;:0}},{&quot;1&quot;:0,&quot;2&quot;:0,&quot;3&quot;:3},{&quot;1&quot;:1,&quot;2&quot;:0,&quot;4&quot;:1}]},&quot;6&quot;:{&quot;1&quot;:[{&quot;1&quot;:2,&quot;2&quot;:0,&quot;5&quot;:{&quot;1&quot;:2,&quot;2&quot;:0}},{&quot;1&quot;:0,&quot;2&quot;:0,&quot;3&quot;:3},{&quot;1&quot;:1,&quot;2&quot;:0,&quot;4&quot;:1}]},&quot;7&quot;:{&quot;1&quot;:[{&quot;1&quot;:2,&quot;2&quot;:0,&quot;5&quot;:{&quot;1&quot;:2,&quot;2&quot;:0}},{&quot;1&quot;:0,&quot;2&quot;:0,&quot;3&quot;:3},{&quot;1&quot;:1,&quot;2&quot;:0,&quot;4&quot;:1}]},&quot;9&quot;:0,&quot;10&quot;:1,&quot;11&quot;:4,&quot;14&quot;:{&quot;1&quot;:3,&quot;3&quot;:1},&quot;15&quot;:&quot;Calibri&quot;,&quot;16&quot;:11}\">A Mindshift \u00e9 uma empresa de consultoria especialista em Recursos Humanos que aposta na performance e upskilling das compet\u00eancias das pessoas, procurando favorecer a maturidade digital e interpessoal nas organiza\u00e7\u00f5es e sociedade. Ao n\u00edvel nacional, tem como um dos seus principais parceiros a The Key Talent Portugal, uma Consulting HR Tech especializada em Social Atraction e Talent Assessment que desenvolve plataformas, como o Panorama e o AplyGo, que permitem otimizar, implementar e gerir processos de RH digitais, \u00e1geis e atrativos baseados em an\u00e1lise de dados. Ao n\u00edvel europeu, constitui um parceiro de refer\u00eancia no desenvolvimento de projetos de coopera\u00e7\u00e3o estrat\u00e9gica transnacional para a cria\u00e7\u00e3o de solu\u00e7\u00f5es inovadoras na \u00e1rea da forma\u00e7\u00e3o de jovens e adultos, em seis \u00e1reas estrat\u00e9gicas: transforma\u00e7\u00e3o digital; upskiling &amp; reskilling; capacita\u00e7\u00e3o de mulheres; empreendedorismo &amp; criatividade; desenvolvimento sustent\u00e1vel; inclus\u00e3o &amp; empregabilidade. A Mindshift est\u00e1 fortemente comprometida com os princ\u00edpios de Responsabilidade Social e com a Agenda 2030 para o Desenvolvimento Sustent\u00e1vel, reunindo uma equipa de colaboradores com diversas forma\u00e7\u00f5es e experi\u00eancia profissional.<\/span><\/p>\n<\/div>\n<p><a href=\"\/www.mindshift.pt\">Site<\/a><\/p>\n<\/li>\n<li>\n<p>        <img decoding=\"async\" src=\"\/wp-content\/uploads\/2022\/03\/The-Rural-Hub.png\" alt=\"\"><\/p>\n<h3>The Rural Hub<\/h3>\n<div>\n<p><span data-sheets-value=\"{&quot;1&quot;:2,&quot;2&quot;:&quot;The Rural Hub was set up as an association by a group of education, training and rural development professionals as a response to the impact of the economic crisis on small rural villages and towns in Ireland. Since it was first established in 2012, The Rural Hub has been providing a wide range of training and capacity development programmes to residents and community groups. We have significant experience in the area of community and rural development and have delivered a number of local projects and training programmes to support the social inclusion of disadvantaged rural youth, migrant communities and isolated older residents. We work with these groups, using creative approaches and the testing of digital resources to support greater social cohesion among local communities in County Cavan. We have a developed network of county-wide stakeholders who support our work on a thematic basis. hroughout the year we organise a series of events to raise awareness about emerging issues including online safety, disinformation, entrepreneurship, digital literacy and the radicalisation of young people through online environments.&quot;}\" data-sheets-userformat=\"{&quot;2&quot;:14749,&quot;3&quot;:{&quot;1&quot;:0,&quot;3&quot;:1},&quot;5&quot;:{&quot;1&quot;:[{&quot;1&quot;:2,&quot;2&quot;:0,&quot;5&quot;:{&quot;1&quot;:2,&quot;2&quot;:0}},{&quot;1&quot;:0,&quot;2&quot;:0,&quot;3&quot;:3},{&quot;1&quot;:1,&quot;2&quot;:0,&quot;4&quot;:1}]},&quot;6&quot;:{&quot;1&quot;:[{&quot;1&quot;:2,&quot;2&quot;:0,&quot;5&quot;:{&quot;1&quot;:2,&quot;2&quot;:0}},{&quot;1&quot;:0,&quot;2&quot;:0,&quot;3&quot;:3},{&quot;1&quot;:1,&quot;2&quot;:0,&quot;4&quot;:1}]},&quot;7&quot;:{&quot;1&quot;:[{&quot;1&quot;:2,&quot;2&quot;:0,&quot;5&quot;:{&quot;1&quot;:2,&quot;2&quot;:0}},{&quot;1&quot;:0,&quot;2&quot;:0,&quot;3&quot;:3},{&quot;1&quot;:1,&quot;2&quot;:0,&quot;4&quot;:1}]},&quot;10&quot;:1,&quot;11&quot;:4,&quot;14&quot;:{&quot;1&quot;:3,&quot;3&quot;:1},&quot;15&quot;:&quot;Calibri&quot;,&quot;16&quot;:11}\">O The Rural Hub foi criado como uma associa\u00e7\u00e3o por um grupo de profissionais da educa\u00e7\u00e3o, forma\u00e7\u00e3o e desenvolvimento rural como resposta ao impacte da crise econ\u00f3mica nas pequenas aldeias e cidades rurais da Irlanda. Desde a sua cria\u00e7\u00e3o, em 2012, tem vindo a fornecer uma vasta gama de programas de forma\u00e7\u00e3o e desenvolvimento de capacidades a residentes e grupos comunit\u00e1rios. Disp\u00f5e de uma experi\u00eancia significativa na \u00e1rea do desenvolvimento comunit\u00e1rio e rural, tendo realizado uma s\u00e9rie de projetos locais e programas de forma\u00e7\u00e3o para apoiar a inclus\u00e3o social de jovens rurais desfavorecidos, comunidades migrantes e residentes idosos isolados. Trabalha com estes grupos recorrendo a abordagens criativas e \u00e0 experimenta\u00e7\u00e3o de recursos digitais para apoiar uma maior coes\u00e3o social entre as comunidades locais do Condado de Cavan. Ao longo do ano, organiza uma s\u00e9rie de eventos para aumentar a sensibiliza\u00e7\u00e3o para quest\u00f5es emergentes, incluindo a seguran\u00e7a online, a desinforma\u00e7\u00e3o, o empreendedorismo, a literacia digital e a radicaliza\u00e7\u00e3o dos jovens estimulada em ambientes online.<\/span><\/p>\n<\/div>\n<p><a href=\"http:\/\/www.theruralhub.ie\/\">Site<\/a><\/p>\n<\/li>\n<li>\n<p>        <img decoding=\"async\" src=\"\/wp-content\/uploads\/2022\/03\/Turismo-de-Portugal-Escolas.png\" alt=\"\"><\/p>\n<h3>Turismo de Portugal- Escolas<\/h3>\n<div>\n<p><span data-sheets-value=\"{&quot;1&quot;:2,&quot;2&quot;:&quot;OUR HISTORY SPEAKS FOR OURSELVES\\nWe are leaders in the education and training of tourism human resources.\\nTurismo de Portugal, integrated within the Ministry of the Economy, is the national tourism authority responsible for training and qualifying the tourism sector human resources and forthe technical and pedagogical research. It also coordinates, implements and recognizes the courses and vocational training actions in this area. Moreover, it certifies the professional skills required for tourism careers.\\nSCHOOLS\\nTurismo de Portugal also manages a network of 12 schools that aim to teach and train young people and to prepare them for their first job, improving the quality and prestige of the different tourism careers.&quot;}\" data-sheets-userformat=\"{&quot;2&quot;:14621,&quot;3&quot;:{&quot;1&quot;:0,&quot;3&quot;:1},&quot;5&quot;:{&quot;1&quot;:[{&quot;1&quot;:2,&quot;2&quot;:0,&quot;5&quot;:{&quot;1&quot;:2,&quot;2&quot;:0}},{&quot;1&quot;:0,&quot;2&quot;:0,&quot;3&quot;:3},{&quot;1&quot;:1,&quot;2&quot;:0,&quot;4&quot;:1}]},&quot;6&quot;:{&quot;1&quot;:[{&quot;1&quot;:2,&quot;2&quot;:0,&quot;5&quot;:{&quot;1&quot;:2,&quot;2&quot;:0}},{&quot;1&quot;:0,&quot;2&quot;:0,&quot;3&quot;:3},{&quot;1&quot;:1,&quot;2&quot;:0,&quot;4&quot;:1}]},&quot;7&quot;:{&quot;1&quot;:[{&quot;1&quot;:2,&quot;2&quot;:0,&quot;5&quot;:{&quot;1&quot;:2,&quot;2&quot;:0}},{&quot;1&quot;:0,&quot;2&quot;:0,&quot;3&quot;:3},{&quot;1&quot;:1,&quot;2&quot;:0,&quot;4&quot;:1}]},&quot;11&quot;:4,&quot;14&quot;:{&quot;1&quot;:3,&quot;3&quot;:1},&quot;15&quot;:&quot;Calibri&quot;,&quot;16&quot;:11}\" data-sheets-textstyleruns=\"{&quot;1&quot;:0,&quot;2&quot;:{&quot;2&quot;:{&quot;1&quot;:3,&quot;3&quot;:1},&quot;3&quot;:&quot;Calibri&quot;,&quot;4&quot;:11}}\uee10{&quot;1&quot;:106,&quot;2&quot;:{&quot;2&quot;:{&quot;1&quot;:3,&quot;3&quot;:1},&quot;3&quot;:&quot;Calibri&quot;,&quot;4&quot;:11,&quot;5&quot;:1}}\uee10{&quot;1&quot;:125,&quot;2&quot;:{&quot;2&quot;:{&quot;1&quot;:3,&quot;3&quot;:1},&quot;3&quot;:&quot;Calibri&quot;,&quot;4&quot;:11}}\uee10{&quot;1&quot;:512,&quot;2&quot;:{&quot;2&quot;:{&quot;1&quot;:3,&quot;3&quot;:1},&quot;3&quot;:&quot;Calibri&quot;,&quot;4&quot;:11,&quot;5&quot;:1}}\uee10{&quot;1&quot;:519,&quot;2&quot;:{&quot;2&quot;:{&quot;1&quot;:3,&quot;3&quot;:1},&quot;3&quot;:&quot;Calibri&quot;,&quot;4&quot;:11}}\">O Turismo de Portugal \u00e9 l\u00edder na educa\u00e7\u00e3o e forma\u00e7\u00e3o de recursos humanos do setor do turismo. Integrado no Minist\u00e9rio da Economia, \u00e9 a autoridade tur\u00edstica nacional em Portugal respons\u00e1vel pela forma\u00e7\u00e3o e qualifica\u00e7\u00e3o dos recursos humanos neste setor e pela investiga\u00e7\u00e3o t\u00e9cnico-pedag\u00f3gica. Tamb\u00e9m coordena, implementa e reconhece os cursos e a\u00e7\u00f5es de forma\u00e7\u00e3o profissional nesta \u00e1rea. Para al\u00e9m disso, certifica as compet\u00eancias profissionais necess\u00e1rias \u00e0s carreiras tur\u00edsticas. O Turismo de Portugal gere ainda uma rede de 12 escolas que t\u00eam como objetivo ensinar e formar os jovens e prepar\u00e1-los para o primeiro emprego, melhorando a qualidade e o prest\u00edgio das diferentes carreiras tur\u00edsticas.<\/span><\/p>\n<\/div>\n<p><a href=\"https:\/\/escolas.turismodeportugal.pt\/en\/\">Site<\/a><\/p>\n<\/li>\n<li>\n<p>        <img decoding=\"async\" src=\"\/wp-content\/uploads\/2022\/03\/SPEKTRUM.png\" alt=\"\"><\/p>\n<h3>Spektrum Educational Center Foundation<\/h3>\n<div>\n<p><span data-sheets-value=\"{&quot;1&quot;:2,&quot;2&quot;:&quot;As a self-sustaining, dynamic organization that is open to cooperation, our aim is to offer a wide range of formal and informal trainings to the organizations wishing to develop in the region, and also to those wishing to learn without age limits. Our Centre guarantees the high-level mastery of skills, which are essential in most professions and life situations. Among these \u2018transversal\u2019 skills, language competences are of utmost importance, therefore we offer language courses, from the beginner to advanced levels in effective small groups and individual lessons. Within the framework of our educational development projects we are searching for effective ways and means to prepare the region's workforce for the rapid economic changes and encourage entrepreneurship. &quot;}\" data-sheets-userformat=\"{&quot;2&quot;:14847,&quot;3&quot;:{&quot;1&quot;:0,&quot;3&quot;:1},&quot;4&quot;:{&quot;1&quot;:2,&quot;2&quot;:16777215},&quot;5&quot;:{&quot;1&quot;:[{&quot;1&quot;:2,&quot;2&quot;:0,&quot;5&quot;:{&quot;1&quot;:2,&quot;2&quot;:0}},{&quot;1&quot;:0,&quot;2&quot;:0,&quot;3&quot;:3},{&quot;1&quot;:1,&quot;2&quot;:0,&quot;4&quot;:1}]},&quot;6&quot;:{&quot;1&quot;:[{&quot;1&quot;:2,&quot;2&quot;:0,&quot;5&quot;:{&quot;1&quot;:2,&quot;2&quot;:0}},{&quot;1&quot;:0,&quot;2&quot;:0,&quot;3&quot;:3},{&quot;1&quot;:1,&quot;2&quot;:0,&quot;4&quot;:1}]},&quot;7&quot;:{&quot;1&quot;:[{&quot;1&quot;:2,&quot;2&quot;:0,&quot;5&quot;:{&quot;1&quot;:2,&quot;2&quot;:0}},{&quot;1&quot;:0,&quot;2&quot;:0,&quot;3&quot;:3},{&quot;1&quot;:1,&quot;2&quot;:0,&quot;4&quot;:1}]},&quot;8&quot;:{&quot;1&quot;:[{&quot;1&quot;:2,&quot;2&quot;:0,&quot;5&quot;:{&quot;1&quot;:0}},{&quot;1&quot;:0,&quot;2&quot;:0,&quot;3&quot;:3},{&quot;1&quot;:1,&quot;2&quot;:0,&quot;4&quot;:1}]},&quot;9&quot;:0,&quot;10&quot;:1,&quot;11&quot;:4,&quot;14&quot;:{&quot;1&quot;:2,&quot;2&quot;:3354930},&quot;15&quot;:&quot;Calibri&quot;,&quot;16&quot;:11}\">Como organiza\u00e7\u00e3o autossustent\u00e1vel, din\u00e2mica e aberta \u00e0 coopera\u00e7\u00e3o, tem como objetivo disponibilizar um vasto leque de forma\u00e7\u00f5es formais e informais \u00e0s organiza\u00e7\u00f5es que pretendam desenvolver-se na regi\u00e3o, bem como \u00e0queles que queiram aprender, sem qualquer limite de idade. O Centro garante o dom\u00ednio de compet\u00eancias de alto n\u00edvel, indispens\u00e1veis na maioria das profiss\u00f5e. Entre estas compet\u00eancias &#8220;transversais&#8221;, as compet\u00eancias lingu\u00edsticas s\u00e3o da maior import\u00e2ncia, pelo que disponibilza cursos de l\u00ednguas, desde o n\u00edvel de inicia\u00e7\u00e3o ao avan\u00e7ado, em pequenos grupos eficazes e em aulas individuais. No \u00e2mbito dos projetos de desenvolvimento educativo, procura formas e meios eficazes de preparar a m\u00e3o de obra da regi\u00e3o para as r\u00e1pidas mudan\u00e7as econ\u00f3micas, incentivando o empreendedorismo.<\/span><\/p>\n<\/div>\n<p><a href=\"https:\/\/sec.ro\/en\">Site<\/a><\/p>\n<\/li>\n<li>\n<p>        <img decoding=\"async\" src=\"\/wp-content\/uploads\/2022\/03\/INFODEF.png\" alt=\"\"><\/p>\n<h3>INFODEF<\/h3>\n<div>\n<p><span data-sheets-value=\"{&quot;1&quot;:2,&quot;2&quot;:&quot;INFODEF, Institute for the Promotion of Development and Training, is a private and independent centre for Research, Development and Innovation that supports the modernisation of educational systems and the pedagogical innovativeness of public and private educational institutions at national and European levels. INFODEF has extensibility worked on the definition of EQF and ECVET based Training Curriculums, the design of new tools for the identification, assessment and validation of basic, key, transversal and professional competencies, the development of innovative ICT-based tools, the design of methodologies to support Work-Based-Learning programmes and practices, new instruments for the recognition and validation of non-formal and informal learning, entrepreneurship education, and the evaluation and quality assessment of educational programmes. \\nOne of the main areas of expertise of INFODEF is the design of innovative methodologies and tools to support SMART Specialisation Strategies in Tourism for Regional Development. INFODEF is partner of the cluster AEICE, a grouping of more than 100 companies, research &amp; development centres, Universities and Public Administrations that fosters the social and economic development of the territory through collaboration, innovation, internationalisation, training and communication in various fields, including Tourism, Natural, and Cultural Heritage. \\n&quot;}\" data-sheets-userformat=\"{&quot;2&quot;:14719,&quot;3&quot;:{&quot;1&quot;:0,&quot;3&quot;:1},&quot;4&quot;:{&quot;1&quot;:2,&quot;2&quot;:16777215},&quot;5&quot;:{&quot;1&quot;:[{&quot;1&quot;:2,&quot;2&quot;:0,&quot;5&quot;:{&quot;1&quot;:2,&quot;2&quot;:0}},{&quot;1&quot;:0,&quot;2&quot;:0,&quot;3&quot;:3},{&quot;1&quot;:1,&quot;2&quot;:0,&quot;4&quot;:1}]},&quot;6&quot;:{&quot;1&quot;:[{&quot;1&quot;:2,&quot;2&quot;:0,&quot;5&quot;:{&quot;1&quot;:2,&quot;2&quot;:0}},{&quot;1&quot;:0,&quot;2&quot;:0,&quot;3&quot;:3},{&quot;1&quot;:1,&quot;2&quot;:0,&quot;4&quot;:1}]},&quot;7&quot;:{&quot;1&quot;:[{&quot;1&quot;:2,&quot;2&quot;:0,&quot;5&quot;:{&quot;1&quot;:2,&quot;2&quot;:0}},{&quot;1&quot;:0,&quot;2&quot;:0,&quot;3&quot;:3},{&quot;1&quot;:1,&quot;2&quot;:0,&quot;4&quot;:1}]},&quot;8&quot;:{&quot;1&quot;:[{&quot;1&quot;:2,&quot;2&quot;:0,&quot;5&quot;:{&quot;1&quot;:0}},{&quot;1&quot;:0,&quot;2&quot;:0,&quot;3&quot;:3},{&quot;1&quot;:1,&quot;2&quot;:0,&quot;4&quot;:1}]},&quot;9&quot;:0,&quot;11&quot;:4,&quot;14&quot;:{&quot;1&quot;:2,&quot;2&quot;:3354930},&quot;15&quot;:&quot;Calibri&quot;,&quot;16&quot;:11}\">O INFODEF, Instituto para el Fomento del Desarrollo y la Formaci\u00f3n, \u00e9 um centro privado e independente de Investiga\u00e7\u00e3o, Desenvolvimento e Inova\u00e7\u00e3o que apoia a moderniza\u00e7\u00e3o dos sistemas educativos e a inova\u00e7\u00e3o pedag\u00f3gica das institui\u00e7\u00f5es de ensino p\u00fablicas e privadas ao n\u00edvel nacional e europeu. Tem trabalhado na defini\u00e7\u00e3o de curr\u00edculos de forma\u00e7\u00e3o baseados no QEQ e no ECVET, na conce\u00e7\u00e3o de novas ferramentas para a identifica\u00e7\u00e3o, avalia\u00e7\u00e3o e valida\u00e7\u00e3o de compet\u00eancias b\u00e1sicas, essenciais, transversais e profissionais, no desenvolvimento de ferramentas inovadoras baseadas nas TIC, na conce\u00e7\u00e3o de metodologias de apoio a programas e pr\u00e1ticas de aprendizagem em contexto de trabalho, em novos instrumentos para o reconhecimento e valida\u00e7\u00e3o da aprendizagem n\u00e3o formal e informal, na educa\u00e7\u00e3o para o empreendedorismo e na avalia\u00e7\u00e3o e aferi\u00e7\u00e3o da qualidade dos programas educativos. Uma das suas principais \u00e1reas de especializa\u00e7\u00e3o \u00e9 a conce\u00e7\u00e3o de metodologias e ferramentas inovadoras para apoiar as Estrat\u00e9gias de Especializa\u00e7\u00e3o SMART no Turismo para o Desenvolvimento Regional. O INFODEF \u00e9 parceiro do cluster AEICE, um agrupamento de mais de 100 empresas, centros de investiga\u00e7\u00e3o e desenvolvimento, Universidades e Administra\u00e7\u00f5es P\u00fablicas que promove o desenvolvimento social e econ\u00f3mico do territ\u00f3rio atrav\u00e9s da colabora\u00e7\u00e3o, inova\u00e7\u00e3o, internacionaliza\u00e7\u00e3o, forma\u00e7\u00e3o e comunica\u00e7\u00e3o em v\u00e1rios dom\u00ednios, incluindo o Turismo, o Patrim\u00f3nio Natural e Cultural.<\/span><\/p>\n<\/div>\n<p><a href=\"\/www.infodef.es\">Site<\/a><\/p>\n<\/li>\n<\/ul>\n<p><!--more--><br \/>\n<!-- {\"type\":\"layout\",\"children\":[{\"type\":\"section\",\"props\":{\"style\":\"default\",\"width\":\"default\",\"vertical_align\":\"middle\",\"title_position\":\"top-left\",\"title_rotation\":\"left\",\"title_breakpoint\":\"xl\",\"image_position\":\"center-center\",\"padding_remove_top\":true,\"padding_remove_bottom\":false,\"padding\":\"small\",\"animation\":\"fade\",\"animation_delay\":\"50\"},\"children\":[{\"type\":\"row\",\"children\":[{\"type\":\"column\",\"props\":{\"position_sticky_breakpoint\":\"m\",\"image_position\":\"center-center\",\"media_overlay_gradient\":\"\"},\"children\":[{\"type\":\"headline\",\"props\":{\"title_element\":\"h1\",\"title_style\":\"h1\",\"title_color\":\"success\",\"text_align\":\"left\",\"content\":\"Sobre\"},\"name\":\"headline-pages\"},{\"type\":\"headline\",\"props\":{\"title_element\":\"h1\",\"content\":\"<em>Build a network of local advisors to put small tourism providers in watercourse regions on a more sustainable path.\\n<\\\/em>\",\"title_style\":\"h3\",\"text_align\":\"center\"}}]}]},{\"type\":\"row\",\"children\":[{\"type\":\"column\",\"props\":{\"position_sticky_breakpoint\":\"m\",\"image_position\":\"center-center\",\"media_overlay_gradient\":\"\"},\"children\":[{\"type\":\"panel\",\"props\":{\"link_text\":\"[readmore_text]\",\"title_hover_style\":\"reset\",\"title_element\":\"h3\",\"title_align\":\"top\",\"title_grid_width\":\"1-2\",\"title_grid_breakpoint\":\"m\",\"meta_style\":\"meta\",\"meta_align\":\"below-title\",\"meta_element\":\"div\",\"content_column_breakpoint\":\"m\",\"icon_width\":80,\"image_align\":\"right\",\"image_grid_width\":\"1-3\",\"image_grid_breakpoint\":\"m\",\"image_svg_color\":\"emphasis\",\"link_style\":\"primary\",\"margin\":\"default\",\"title\":\"Vis\\u00e3o Geral\",\"content\":\"\n\n<p><span>Devido \\u00e0 pandemia COVID 19, o setor do turismo foi extremamente atingido, num contexto em que as restri\\u00e7\\u00f5es \\u00e0s viagens internacionais causaram um decl\\u00ednio da atividade que se situou entre os 45% e os 70% (OCDE).\\n<\\\/span><\\\/p>\\n\n\n<p><span>O BLUE TOURISM representa uma oportunidade para repensar o turismo, na transi\\u00e7\\u00e3o de modelos de turismo intensivos para modelos de turismo sustent\\u00e1vel.\\n<\\\/span><\\\/p>\",\"image\":\"wp-content\\\/uploads\\\/2022\\\/03\\\/overview-svg-1.svg\",\"title_color\":\"success\",\"link\":\"\",\"css\":\".el-image{max-height:300px;}\"},\"name\":\"right-image-panel\"}]}]}]},{\"type\":\"section\",\"props\":{\"style\":\"muted\",\"width\":\"default\",\"vertical_align\":\"middle\",\"title_position\":\"top-left\",\"title_rotation\":\"left\",\"title_breakpoint\":\"xl\",\"image_position\":\"center-center\",\"padding_remove_top\":false,\"padding_remove_bottom\":false,\"padding\":\"small\",\"animation\":\"fade\",\"animation_delay\":\"50\"},\"children\":[{\"type\":\"row\",\"children\":[{\"type\":\"column\",\"props\":{\"position_sticky_breakpoint\":\"m\",\"image_position\":\"center-center\",\"media_overlay_gradient\":\"\"},\"children\":[{\"type\":\"panel\",\"props\":{\"link_text\":\"Read more\",\"title_hover_style\":\"reset\",\"title_element\":\"h3\",\"title_align\":\"top\",\"title_grid_width\":\"1-2\",\"title_grid_breakpoint\":\"m\",\"meta_style\":\"meta\",\"meta_align\":\"below-title\",\"meta_element\":\"div\",\"content_column_breakpoint\":\"m\",\"icon_width\":80,\"image_align\":\"left\",\"image_grid_width\":\"1-3\",\"image_grid_breakpoint\":\"m\",\"image_svg_color\":\"emphasis\",\"link_style\":\"primary\",\"margin\":\"default\",\"title\":\"Objetivo\",\"content\":\"\n\n<p><span>O projeto tem pretende formar e capacitar uma rede de futuros conselheiros locais com as compet\\u00eancias necess\\u00e1rias para que possam apoiar e aconselhar pequenos operadores de turismo, em regi\\u00f5es com cursos de \\u00e1gua, a serem mais sustent\\u00e1veis e competitivos, com enfoque estrat\\u00e9gico nas seguintes \\u00e1reas: \\n<\\\/span><\\\/p>\\n\n\n<ol>\\n\n\n<li><span>Turismo sustent\\u00e1vel e Objetivos de Desenvolvimento Sustent\\u00e1vel (ODS); \\n<\\\/span><\\\/li>\\n\n\n<li><span>\\u00c9tica e responsabilidade social no turismo;<\\\/span><\\\/li>\\n\n\n<li><span>Patrim\\u00f3nio natural e cultural;  <\\\/span><\\\/li>\\n\n\n<li><span>Competitividade e desenvolvimento sustent\\u00e1vel do tecido empresarial local; <\\\/span><\\\/li>\\n\n\n<li><span>Inova\\u00e7\\u00e3o e transforma\\u00e7\\u00e3o digital; <\\\/span><\\\/li>\\n\n\n<li><span>Networking e parcerias locais;<\\\/span><\\\/li>\\n\n\n<li><span>Branding e marketing digital; \\n<\\\/span><\\\/li>\\n\n\n<li><span>Estrat\\u00e9gia de internacionaliza\\u00e7\\u00e3o.<\\\/span><\\\/li>\\n<\\\/ol>\",\"image\":\"wp-content\\\/uploads\\\/2022\\\/03\\\/aims-obj.svg\",\"title_color\":\"success\",\"link\":\"\"},\"name\":\"left-image-panel\"}]}]}]},{\"type\":\"section\",\"props\":{\"style\":\"default\",\"width\":\"default\",\"vertical_align\":\"middle\",\"title_position\":\"top-left\",\"title_rotation\":\"left\",\"title_breakpoint\":\"xl\",\"image_position\":\"center-center\",\"padding\":\"small\",\"padding_remove_top\":false,\"padding_remove_bottom\":false,\"animation\":\"fade\",\"animation_delay\":\"50\"},\"children\":[{\"type\":\"row\",\"children\":[{\"type\":\"column\",\"props\":{\"position_sticky_breakpoint\":\"m\",\"image_position\":\"center-center\",\"media_overlay_gradient\":\"\"},\"children\":[{\"type\":\"panel\",\"props\":{\"link_text\":\"Read more\",\"title_hover_style\":\"reset\",\"title_element\":\"h3\",\"title_align\":\"top\",\"title_grid_width\":\"1-2\",\"title_grid_breakpoint\":\"m\",\"meta_style\":\"meta\",\"meta_align\":\"below-title\",\"meta_element\":\"div\",\"content_column_breakpoint\":\"m\",\"icon_width\":80,\"image_align\":\"right\",\"image_grid_width\":\"1-3\",\"image_grid_breakpoint\":\"m\",\"image_svg_color\":\"emphasis\",\"link_style\":\"primary\",\"margin\":\"default\",\"title\":\"Objetivos\",\"content\":\"\n\n<div>\\n\n\n<p><span>O projeto tem como objetivos:<\\\/span><\\\/p>\\n\n\n<ul>\\n\n\n<li><span>Criar um novo perfil de compet\\u00eancias para o sector do turismo: <b>o consultor de turismo local sustent\\u00e1vel<\\\/b><\\\/span><\\\/li>\\n\n\n<li><span s=\\\"\\\">Contribuir para o desenvolvimento do turismo sustent\\u00e1vel a n\\u00edvel local atrav\\u00e9s da capacita\\u00e7\\u00e3o e refor\\u00e7o de compet\\u00eancias de pequenos operadores de turismo<\\\/span><\\\/li>\\n\n\n<li><span>Promover destinos tur\\u00edsticos menos conhecidos, em regi\\u00f5es de cursos \\u00e1gua, dando visibilidade \\u00e0s suas pr\\u00e1ticas sustent\\u00e1veis e inovadoras\\n<\\\/span><\\\/li>\\n\n\n<li><span>Contribuir para pr\\u00e1ticas e pol\\u00edticas locais de turismo sustent\\u00e1vel promovendo o debate sobre os desafios e oportunidades do turismo sustent\\u00e1vel ancorado em regi\\u00f5es com cursos de \\u00e1gua\\n<\\\/span><\\\/li>\\n<\\\/ul>\\n\n\n<p><span>P\\u00fablico-alvo:\\n<\\\/span><\\\/p>\\n\n\n<ul>\\n\n\n<li><span> Consultores de turismo sustent\\u00e1vel\\n<\\\/span><\\\/li>\\n\n\n<li><span> Pequenos operadores de turismo\\n<\\\/span><\\\/li>\\n\n\n<li><span> Institui\\u00e7\\u00f5es de EFP (Ensino e Forma\\u00e7\\u00e3o Profissional)\\n<\\\/span><\\\/li>\\n<\\\/ul>\\n<\\\/div>\",\"image\":\"wp-content\\\/uploads\\\/2022\\\/03\\\/spec-obje.svg\",\"title_color\":\"success\",\"link\":\"\",\"css\":\".el-image{max-height:300px;}\"},\"name\":\"right-image-panel\"}]}]}]},{\"type\":\"section\",\"props\":{\"style\":\"default\",\"width\":\"default\",\"vertical_align\":\"middle\",\"title_position\":\"top-left\",\"title_rotation\":\"left\",\"title_breakpoint\":\"xl\",\"image_position\":\"center-center\"},\"children\":[{\"type\":\"row\",\"children\":[{\"type\":\"column\",\"props\":{\"position_sticky_breakpoint\":\"m\",\"image_position\":\"center-center\",\"media_overlay_gradient\":\"\"},\"children\":[{\"type\":\"headline\",\"props\":{\"title_element\":\"h1\",\"title_style\":\"h1\",\"title_color\":\"success\",\"text_align\":\"left\",\"content\":\"Parceiros\"},\"name\":\"headline-pages\"},{\"name\":\"Partners div\",\"type\":\"accordion\",\"children\":[{\"name\":\"\",\"type\":\"accordion_item\",\"props\":{\"content\":\"\n\n<p><span data-sheets-value=\\\"{&quot;1&quot;:2,&quot;2&quot;:&quot;The Comunidade Intermunicipal da Beira Baixa (CIMBB) (Intermunicipal Community of Beira Baixa), officially created in March 2009, is a collective person of public law, of associative nature and territorial scope. The geographical scope of CIMBB is the new level III Statistical Territorial Unit (NUT Beira Baixa), which comprises the Municipalities of Castelo Branco, Idanha-a-Nova, Oleiros, Penamacor, Proen\\u00e7a-a-Nova and Vila Velha de R\\u00f3d\\u00e3o. Among a wide range of attributions, the CIMBB has, as its objective, the accomplishment of the specific interests of its associates, the municipalities, in the areas of promotion, planning and management of the economic, social and environmental development strategy of the Beira Baixa territory, and is also responsible for the educational and professional training network. These attributions, therefore, include all the initiatives of intermunicipal scope that are developed in the areas of education and strategic and economic development.&quot;}\\\" data-sheets-userformat=\\\"{&quot;2&quot;:14749,&quot;3&quot;:{&quot;1&quot;:0,&quot;3&quot;:1},&quot;5&quot;:{&quot;1&quot;:[{&quot;1&quot;:2,&quot;2&quot;:0,&quot;5&quot;:{&quot;1&quot;:2,&quot;2&quot;:0}},{&quot;1&quot;:0,&quot;2&quot;:0,&quot;3&quot;:3},{&quot;1&quot;:1,&quot;2&quot;:0,&quot;4&quot;:1}]},&quot;6&quot;:{&quot;1&quot;:[{&quot;1&quot;:2,&quot;2&quot;:0,&quot;5&quot;:{&quot;1&quot;:2,&quot;2&quot;:0}},{&quot;1&quot;:0,&quot;2&quot;:0,&quot;3&quot;:3},{&quot;1&quot;:1,&quot;2&quot;:0,&quot;4&quot;:1}]},&quot;7&quot;:{&quot;1&quot;:[{&quot;1&quot;:2,&quot;2&quot;:0,&quot;5&quot;:{&quot;1&quot;:2,&quot;2&quot;:0}},{&quot;1&quot;:0,&quot;2&quot;:0,&quot;3&quot;:3},{&quot;1&quot;:1,&quot;2&quot;:0,&quot;4&quot;:1}]},&quot;10&quot;:1,&quot;11&quot;:4,&quot;14&quot;:{&quot;1&quot;:3,&quot;3&quot;:1},&quot;15&quot;:&quot;Calibri&quot;,&quot;16&quot;:11}\\\">A Comunidade Intermunicipal da Beira Baixa (CIMBB), criada oficialmente em mar\\u00e7o de 2009, \\u00e9 uma entidade p\\u00fablica, de natureza associativa e de \\u00e2mbito territorial. O \\u00e2mbito geogr\\u00e1fico da CIMBB \\u00e9 a nova Unidade Territorial Estat\\u00edstica de n\\u00edvel III (NUTS Beira Baixa), que compreende os Munic\\u00edpios de Castelo Branco, Idanha-a-Nova, Oleiros, Penamacor, Proen\\u00e7a-a-Nova e Vila Velha de R\\u00f3d\\u00e3o. Entre um vasto leque de atribui\\u00e7\\u00f5es, tem como objetivo a realiza\\u00e7\\u00e3o dos interesses espec\\u00edficos dos seus associados, os munic\\u00edpios, nas \\u00e1reas da promo\\u00e7\\u00e3o, planeamento e gest\\u00e3o da estrat\\u00e9gia de desenvolvimento econ\\u00f3mico, social e ambiental do territ\\u00f3rio da Beira Baixa, sendo tamb\\u00e9m respons\\u00e1vel pela rede de ensino e forma\\u00e7\\u00e3o profissional. Estas atribui\\u00e7\\u00f5es incluem, portanto, todas as iniciativas de \\u00e2mbito intermunicipal que se desenvolvam nas \\u00e1reas da forma\\u00e7\\u00e3o e do desenvolvimento estrat\\u00e9gico e econ\\u00f3mico.<\\\/span><\\\/p>\",\"title\":\"Comunidade Intermunicipal da Beira Baixa (CIMBB)\",\"link\":\"http:\\\/\\\/www.cimbb.pt\\\/\",\"image\":\"wp-content\\\/uploads\\\/2022\\\/03\\\/CIMMB.png\",\"link_text\":\"\"}},{\"name\":\"\",\"type\":\"accordion_item\",\"props\":{\"content\":\"\n\n<p><span data-sheets-value=\\\"{&quot;1&quot;:2,&quot;2&quot;:&quot;CARDET (Centre for the Advancement of Research and Development in Educational Technology) is the leading research and development centre in the Mediterranean region with global expertise in education, digital skills, and capacity building. \\\\nAs the largest independent non-profit centre based in Cyprus, CARDET has completed more than 300 projects in more than 50 countries, relating to innovation and entrepreneurship, new technologies, gamification, digital skills, upskilling pathways, education and inclusion. CARDET brings together an international team of experts with decades of global expertise in education research and development. Members of our team, board of directors, and advisory board have served in high profile positions for organisations like UNESCO, Commonwealth of Learning, OECD, Google, and the American Educational Research Association. &quot;}\\\" data-sheets-userformat=\\\"{&quot;2&quot;:14813,&quot;3&quot;:{&quot;1&quot;:0,&quot;3&quot;:1},&quot;5&quot;:{&quot;1&quot;:[{&quot;1&quot;:2,&quot;2&quot;:0,&quot;5&quot;:{&quot;1&quot;:2,&quot;2&quot;:0}},{&quot;1&quot;:0,&quot;2&quot;:0,&quot;3&quot;:3},{&quot;1&quot;:1,&quot;2&quot;:0,&quot;4&quot;:1}]},&quot;6&quot;:{&quot;1&quot;:[{&quot;1&quot;:2,&quot;2&quot;:0,&quot;5&quot;:{&quot;1&quot;:2,&quot;2&quot;:0}},{&quot;1&quot;:0,&quot;2&quot;:0,&quot;3&quot;:3},{&quot;1&quot;:1,&quot;2&quot;:0,&quot;4&quot;:1}]},&quot;7&quot;:{&quot;1&quot;:[{&quot;1&quot;:2,&quot;2&quot;:0,&quot;5&quot;:{&quot;1&quot;:2,&quot;2&quot;:0}},{&quot;1&quot;:0,&quot;2&quot;:0,&quot;3&quot;:3},{&quot;1&quot;:1,&quot;2&quot;:0,&quot;4&quot;:1}]},&quot;9&quot;:0,&quot;10&quot;:1,&quot;11&quot;:4,&quot;14&quot;:{&quot;1&quot;:3,&quot;3&quot;:1},&quot;15&quot;:&quot;Calibri&quot;,&quot;16&quot;:11}\\\">O CARDET (Centre for the Advancement of Research and Development in Educational Technology) \\u00e9 o principal centro de investiga\\u00e7\\u00e3o e desenvolvimento na regi\\u00e3o mediterr\\u00e2nica, com experi\\u00eancia global em forma\\u00e7\\u00e3o, compet\\u00eancias digitais e desenvolvimento de compet\\u00eancias. <br \\\/>Com sede no Chipre, \\u00e9 o maior centro independente sem fins lucrativos , tendo concluindo mais de 300 projetos em mais de 50 pa\\u00edses, relacionados com a inova\\u00e7\\u00e3o e o empreendedorismo, as novas tecnologias, a gamifica\\u00e7\\u00e3o, as compet\\u00eancias digitais, os percursos de melhoria de compet\\u00eancias, a forma\\u00e7\\u00e3o e a inclus\\u00e3o. A CARDET re\\u00fane uma equipa internacional de peritos com d\\u00e9cadas de experi\\u00eancia global em investiga\\u00e7\\u00e3o e desenvolvimento no dom\\u00ednio da forma\\u00e7\\u00e3o. Os membros da equipa, do conselho de administra\\u00e7\\u00e3o e do conselho consultivo ocuparam cargos de relevo em organiza\\u00e7\\u00f5es como a UNESCO, a Commonwealth of Learning, a OCDE, a Google e a American Educational Research Association.<\\\/span><\\\/p>\",\"title\":\"CARDET\",\"link\":\"https:\\\/\\\/www.cardet.org\\\/\",\"image\":\"wp-content\\\/uploads\\\/2022\\\/03\\\/CARDET.png\"}},{\"name\":\"\",\"type\":\"accordion_item\",\"props\":{\"content\":\"\n\n<p><span data-sheets-value=\\\"{&quot;1&quot;:2,&quot;2&quot;:&quot;International Center for Ecoremediations is an applicative research center operating at the University of Maribor, Faculty of Arts, for more than 10 years. The ERM Center deals with sustainable regional development, natural resources management, circular economy, pollution and degradation prevention, climate change mitigation and adaptation, environmental education and green job creation. The main aim of the ERM Center is the implementation of sustainable practices to increase environmental and social responsibility. In doing so, the ERM Center successfully collaborates with businesses, municipalities, development agencies, educational institutions and other partners on national, European and intercontinental level. Members of ERM Center were awarded with national prizes for social responsibility, best research and science communication and are also members of expert groups at the ministry for agriculture and ministry for education. &quot;}\\\" data-sheets-userformat=\\\"{&quot;2&quot;:14813,&quot;3&quot;:{&quot;1&quot;:0,&quot;3&quot;:1},&quot;5&quot;:{&quot;1&quot;:[{&quot;1&quot;:2,&quot;2&quot;:0,&quot;5&quot;:{&quot;1&quot;:2,&quot;2&quot;:0}},{&quot;1&quot;:0,&quot;2&quot;:0,&quot;3&quot;:3},{&quot;1&quot;:1,&quot;2&quot;:0,&quot;4&quot;:1}]},&quot;6&quot;:{&quot;1&quot;:[{&quot;1&quot;:2,&quot;2&quot;:0,&quot;5&quot;:{&quot;1&quot;:2,&quot;2&quot;:0}},{&quot;1&quot;:0,&quot;2&quot;:0,&quot;3&quot;:3},{&quot;1&quot;:1,&quot;2&quot;:0,&quot;4&quot;:1}]},&quot;7&quot;:{&quot;1&quot;:[{&quot;1&quot;:2,&quot;2&quot;:0,&quot;5&quot;:{&quot;1&quot;:2,&quot;2&quot;:0}},{&quot;1&quot;:0,&quot;2&quot;:0,&quot;3&quot;:3},{&quot;1&quot;:1,&quot;2&quot;:0,&quot;4&quot;:1}]},&quot;9&quot;:0,&quot;10&quot;:1,&quot;11&quot;:4,&quot;14&quot;:{&quot;1&quot;:3,&quot;3&quot;:1},&quot;15&quot;:&quot;Calibri&quot;,&quot;16&quot;:11}\\\">O International Center for Ecoremediations \\u00e9 um centro de investiga\\u00e7\\u00e3o aplicada que funciona na Universidade de Maribor h\\u00e1 mais de 10 anos. O Centro ERM lida com o desenvolvimento regional sustent\\u00e1vel, a gest\\u00e3o dos recursos naturais, a economia circular, a preven\\u00e7\\u00e3o da polui\\u00e7\\u00e3o, a adapta\\u00e7\\u00e3o \\u00e0s altera\\u00e7\\u00f5es clim\\u00e1ticas, a educa\\u00e7\\u00e3o ambiental e a cria\\u00e7\\u00e3o de emprego verde. Tem como principal objetivo a implementa\\u00e7\\u00e3o de pr\\u00e1ticas sustent\\u00e1veis para aumentar a responsabilidade ambiental e social. Ao faz\\u00ea-lo, colabora com sucesso com empresas, munic\\u00edpios, ag\\u00eancias de desenvolvimento, institui\\u00e7\\u00f5es de ensino e outros parceiros ao n\\u00edvel nacional, europeu e intercontinental. Os membros do Centro foram galardoados com pr\\u00e9mios nacionais de responsabilidade social, investiga\\u00e7\\u00e3o e comunica\\u00e7\\u00e3o cient\\u00edfica e s\\u00e3o tamb\\u00e9m membros de grupos de peritos do Minist\\u00e9rio da Agricultura e do Minist\\u00e9rio da Educa\\u00e7\\u00e3o.<\\\/span><\\\/p>\",\"title\":\"International Center for Ecoremediations\",\"link\":\"https:\\\/\\\/ff.um.si\\\/raziskovanje\\\/raziskovalni-centri\\\/erm\\\/ \",\"image\":\"wp-content\\\/uploads\\\/2022\\\/03\\\/University-of-Maribor-UM-SLO.png\"}},{\"name\":\"\",\"type\":\"accordion_item\",\"props\":{\"content\":\"\n\n<p><span data-sheets-value=\\\"{&quot;1&quot;:2,&quot;2&quot;:&quot;Mindshift is a consulting company specialised in Human Resources that invests in the performance and upskilling of people\\u2019s competences, seeking to boost the digital and interpersonal maturity in organisations and society.\\\\nAt national level, MINDSHIFT has as one of its main partners The Key Talent Portugal, a HR Tech Consulting specialised in Social Attraction and Talent Assessment that develops platforms, such as Panorama and AplyGo, that allow to optimise, implement and manage digital, agile and attractive HR processes based on data analysis.\\\\nAt European level, we are a strategic partner for the development of transnational cooperation projects aiming to create innovative solutions in the area of youth and adult training, in six key-areas: upskilling &amp; reskilling, inclusion &amp; employability, sustainable development, women empowerment, \\\\tentrepreneurship &amp; creativity, and digital talent.\\\\nMindshift is strongly committed to the principles of Social Responsibility and the 2030 Agenda for Sustainable Development, bringing together a team of staff with various backgrounds and professional experience.\\\\n&quot;}\\\" data-sheets-userformat=\\\"{&quot;2&quot;:14813,&quot;3&quot;:{&quot;1&quot;:0,&quot;3&quot;:1},&quot;5&quot;:{&quot;1&quot;:[{&quot;1&quot;:2,&quot;2&quot;:0,&quot;5&quot;:{&quot;1&quot;:2,&quot;2&quot;:0}},{&quot;1&quot;:0,&quot;2&quot;:0,&quot;3&quot;:3},{&quot;1&quot;:1,&quot;2&quot;:0,&quot;4&quot;:1}]},&quot;6&quot;:{&quot;1&quot;:[{&quot;1&quot;:2,&quot;2&quot;:0,&quot;5&quot;:{&quot;1&quot;:2,&quot;2&quot;:0}},{&quot;1&quot;:0,&quot;2&quot;:0,&quot;3&quot;:3},{&quot;1&quot;:1,&quot;2&quot;:0,&quot;4&quot;:1}]},&quot;7&quot;:{&quot;1&quot;:[{&quot;1&quot;:2,&quot;2&quot;:0,&quot;5&quot;:{&quot;1&quot;:2,&quot;2&quot;:0}},{&quot;1&quot;:0,&quot;2&quot;:0,&quot;3&quot;:3},{&quot;1&quot;:1,&quot;2&quot;:0,&quot;4&quot;:1}]},&quot;9&quot;:0,&quot;10&quot;:1,&quot;11&quot;:4,&quot;14&quot;:{&quot;1&quot;:3,&quot;3&quot;:1},&quot;15&quot;:&quot;Calibri&quot;,&quot;16&quot;:11}\\\">A Mindshift \\u00e9 uma empresa de consultoria especialista em Recursos Humanos que aposta na performance e upskilling das compet\\u00eancias das pessoas, procurando favorecer a maturidade digital e interpessoal nas organiza\\u00e7\\u00f5es e sociedade. Ao n\\u00edvel nacional, tem como um dos seus principais parceiros a The Key Talent Portugal, uma Consulting HR Tech especializada em Social Atraction e Talent Assessment que desenvolve plataformas, como o Panorama e o AplyGo, que permitem otimizar, implementar e gerir processos de RH digitais, \\u00e1geis e atrativos baseados em an\\u00e1lise de dados. Ao n\\u00edvel europeu, constitui um parceiro de refer\\u00eancia no desenvolvimento de projetos de coopera\\u00e7\\u00e3o estrat\\u00e9gica transnacional para a cria\\u00e7\\u00e3o de solu\\u00e7\\u00f5es inovadoras na \\u00e1rea da forma\\u00e7\\u00e3o de jovens e adultos, em seis \\u00e1reas estrat\\u00e9gicas: transforma\\u00e7\\u00e3o digital; upskiling &amp; reskilling; capacita\\u00e7\\u00e3o de mulheres; empreendedorismo &amp; criatividade; desenvolvimento sustent\\u00e1vel; inclus\\u00e3o &amp; empregabilidade. A Mindshift est\\u00e1 fortemente comprometida com os princ\\u00edpios de Responsabilidade Social e com a Agenda 2030 para o Desenvolvimento Sustent\\u00e1vel, reunindo uma equipa de colaboradores com diversas forma\\u00e7\\u00f5es e experi\\u00eancia profissional.<\\\/span><\\\/p>\",\"title\":\"Mindshift Talent Advisory\",\"link\":\"www.mindshift.pt\",\"image\":\"wp-content\\\/uploads\\\/2022\\\/03\\\/Mindshift.png\"}},{\"type\":\"accordion_item\",\"props\":{\"title\":\"The Rural Hub\",\"link\":\"http:\\\/\\\/www.theruralhub.ie\\\/\",\"content\":\"\n\n<p><span data-sheets-value=\\\"{&quot;1&quot;:2,&quot;2&quot;:&quot;The Rural Hub was set up as an association by a group of education, training and rural development professionals as a response to the impact of the economic crisis on small rural villages and towns in Ireland. Since it was first established in 2012, The Rural Hub has been providing a wide range of training and capacity development programmes to residents and community groups. We have significant experience in the area of community and rural development and have delivered a number of local projects and training programmes to support the social inclusion of disadvantaged rural youth, migrant communities and isolated older residents. We work with these groups, using creative approaches and the testing of digital resources to support greater social cohesion among local communities in County Cavan. We have a developed network of county-wide stakeholders who support our work on a thematic basis. hroughout the year we organise a series of events to raise awareness about emerging issues including online safety, disinformation, entrepreneurship, digital literacy and the radicalisation of young people through online environments.&quot;}\\\" data-sheets-userformat=\\\"{&quot;2&quot;:14749,&quot;3&quot;:{&quot;1&quot;:0,&quot;3&quot;:1},&quot;5&quot;:{&quot;1&quot;:[{&quot;1&quot;:2,&quot;2&quot;:0,&quot;5&quot;:{&quot;1&quot;:2,&quot;2&quot;:0}},{&quot;1&quot;:0,&quot;2&quot;:0,&quot;3&quot;:3},{&quot;1&quot;:1,&quot;2&quot;:0,&quot;4&quot;:1}]},&quot;6&quot;:{&quot;1&quot;:[{&quot;1&quot;:2,&quot;2&quot;:0,&quot;5&quot;:{&quot;1&quot;:2,&quot;2&quot;:0}},{&quot;1&quot;:0,&quot;2&quot;:0,&quot;3&quot;:3},{&quot;1&quot;:1,&quot;2&quot;:0,&quot;4&quot;:1}]},&quot;7&quot;:{&quot;1&quot;:[{&quot;1&quot;:2,&quot;2&quot;:0,&quot;5&quot;:{&quot;1&quot;:2,&quot;2&quot;:0}},{&quot;1&quot;:0,&quot;2&quot;:0,&quot;3&quot;:3},{&quot;1&quot;:1,&quot;2&quot;:0,&quot;4&quot;:1}]},&quot;10&quot;:1,&quot;11&quot;:4,&quot;14&quot;:{&quot;1&quot;:3,&quot;3&quot;:1},&quot;15&quot;:&quot;Calibri&quot;,&quot;16&quot;:11}\\\">O The Rural Hub foi criado como uma associa\\u00e7\\u00e3o por um grupo de profissionais da educa\\u00e7\\u00e3o, forma\\u00e7\\u00e3o e desenvolvimento rural como resposta ao impacte da crise econ\\u00f3mica nas pequenas aldeias e cidades rurais da Irlanda. Desde a sua cria\\u00e7\\u00e3o, em 2012, tem vindo a fornecer uma vasta gama de programas de forma\\u00e7\\u00e3o e desenvolvimento de capacidades a residentes e grupos comunit\\u00e1rios. Disp\\u00f5e de uma experi\\u00eancia significativa na \\u00e1rea do desenvolvimento comunit\\u00e1rio e rural, tendo realizado uma s\\u00e9rie de projetos locais e programas de forma\\u00e7\\u00e3o para apoiar a inclus\\u00e3o social de jovens rurais desfavorecidos, comunidades migrantes e residentes idosos isolados. Trabalha com estes grupos recorrendo a abordagens criativas e \\u00e0 experimenta\\u00e7\\u00e3o de recursos digitais para apoiar uma maior coes\\u00e3o social entre as comunidades locais do Condado de Cavan. Ao longo do ano, organiza uma s\\u00e9rie de eventos para aumentar a sensibiliza\\u00e7\\u00e3o para quest\\u00f5es emergentes, incluindo a seguran\\u00e7a online, a desinforma\\u00e7\\u00e3o, o empreendedorismo, a literacia digital e a radicaliza\\u00e7\\u00e3o dos jovens estimulada em ambientes online.<\\\/span><\\\/p>\",\"image\":\"wp-content\\\/uploads\\\/2022\\\/03\\\/The-Rural-Hub.png\"}},{\"type\":\"accordion_item\",\"props\":{\"title\":\"Turismo de Portugal- Escolas\",\"link\":\"https:\\\/\\\/escolas.turismodeportugal.pt\\\/en\\\/\",\"content\":\"\n\n<p><span data-sheets-value=\\\"{&quot;1&quot;:2,&quot;2&quot;:&quot;OUR HISTORY SPEAKS FOR OURSELVES\\\\nWe are leaders in the education and training of tourism human resources.\\\\nTurismo de Portugal, integrated within the Ministry of the Economy, is the national tourism authority responsible for training and qualifying the tourism sector human resources and forthe technical and pedagogical research. It also coordinates, implements and recognizes the courses and vocational training actions in this area. Moreover, it certifies the professional skills required for tourism careers.\\\\nSCHOOLS\\\\nTurismo de Portugal also manages a network of 12 schools that aim to teach and train young people and to prepare them for their first job, improving the quality and prestige of the different tourism careers.&quot;}\\\" data-sheets-userformat=\\\"{&quot;2&quot;:14621,&quot;3&quot;:{&quot;1&quot;:0,&quot;3&quot;:1},&quot;5&quot;:{&quot;1&quot;:[{&quot;1&quot;:2,&quot;2&quot;:0,&quot;5&quot;:{&quot;1&quot;:2,&quot;2&quot;:0}},{&quot;1&quot;:0,&quot;2&quot;:0,&quot;3&quot;:3},{&quot;1&quot;:1,&quot;2&quot;:0,&quot;4&quot;:1}]},&quot;6&quot;:{&quot;1&quot;:[{&quot;1&quot;:2,&quot;2&quot;:0,&quot;5&quot;:{&quot;1&quot;:2,&quot;2&quot;:0}},{&quot;1&quot;:0,&quot;2&quot;:0,&quot;3&quot;:3},{&quot;1&quot;:1,&quot;2&quot;:0,&quot;4&quot;:1}]},&quot;7&quot;:{&quot;1&quot;:[{&quot;1&quot;:2,&quot;2&quot;:0,&quot;5&quot;:{&quot;1&quot;:2,&quot;2&quot;:0}},{&quot;1&quot;:0,&quot;2&quot;:0,&quot;3&quot;:3},{&quot;1&quot;:1,&quot;2&quot;:0,&quot;4&quot;:1}]},&quot;11&quot;:4,&quot;14&quot;:{&quot;1&quot;:3,&quot;3&quot;:1},&quot;15&quot;:&quot;Calibri&quot;,&quot;16&quot;:11}\\\" data-sheets-textstyleruns=\\\"{&quot;1&quot;:0,&quot;2&quot;:{&quot;2&quot;:{&quot;1&quot;:3,&quot;3&quot;:1},&quot;3&quot;:&quot;Calibri&quot;,&quot;4&quot;:11}}\\uee10{&quot;1&quot;:106,&quot;2&quot;:{&quot;2&quot;:{&quot;1&quot;:3,&quot;3&quot;:1},&quot;3&quot;:&quot;Calibri&quot;,&quot;4&quot;:11,&quot;5&quot;:1}}\\uee10{&quot;1&quot;:125,&quot;2&quot;:{&quot;2&quot;:{&quot;1&quot;:3,&quot;3&quot;:1},&quot;3&quot;:&quot;Calibri&quot;,&quot;4&quot;:11}}\\uee10{&quot;1&quot;:512,&quot;2&quot;:{&quot;2&quot;:{&quot;1&quot;:3,&quot;3&quot;:1},&quot;3&quot;:&quot;Calibri&quot;,&quot;4&quot;:11,&quot;5&quot;:1}}\\uee10{&quot;1&quot;:519,&quot;2&quot;:{&quot;2&quot;:{&quot;1&quot;:3,&quot;3&quot;:1},&quot;3&quot;:&quot;Calibri&quot;,&quot;4&quot;:11}}\\\">O Turismo de Portugal \\u00e9 l\\u00edder na educa\\u00e7\\u00e3o e forma\\u00e7\\u00e3o de recursos humanos do setor do turismo. Integrado no Minist\\u00e9rio da Economia, \\u00e9 a autoridade tur\\u00edstica nacional em Portugal respons\\u00e1vel pela forma\\u00e7\\u00e3o e qualifica\\u00e7\\u00e3o dos recursos humanos neste setor e pela investiga\\u00e7\\u00e3o t\\u00e9cnico-pedag\\u00f3gica. Tamb\\u00e9m coordena, implementa e reconhece os cursos e a\\u00e7\\u00f5es de forma\\u00e7\\u00e3o profissional nesta \\u00e1rea. Para al\\u00e9m disso, certifica as compet\\u00eancias profissionais necess\\u00e1rias \\u00e0s carreiras tur\\u00edsticas. O Turismo de Portugal gere ainda uma rede de 12 escolas que t\\u00eam como objetivo ensinar e formar os jovens e prepar\\u00e1-los para o primeiro emprego, melhorando a qualidade e o prest\\u00edgio das diferentes carreiras tur\\u00edsticas.<\\\/span><\\\/p>\",\"image\":\"wp-content\\\/uploads\\\/2022\\\/03\\\/Turismo-de-Portugal-Escolas.png\"}},{\"type\":\"accordion_item\",\"props\":{\"title\":\"Spektrum Educational Center Foundation\",\"link\":\"https:\\\/\\\/sec.ro\\\/en\",\"content\":\"\n\n<p><span data-sheets-value=\\\"{&quot;1&quot;:2,&quot;2&quot;:&quot;As a self-sustaining, dynamic organization that is open to cooperation, our aim is to offer a wide range of formal and informal trainings to the organizations wishing to develop in the region, and also to those wishing to learn without age limits. Our Centre guarantees the high-level mastery of skills, which are essential in most professions and life situations. Among these \\u2018transversal\\u2019 skills, language competences are of utmost importance, therefore we offer language courses, from the beginner to advanced levels in effective small groups and individual lessons. Within the framework of our educational development projects we are searching for effective ways and means to prepare the region's workforce for the rapid economic changes and encourage entrepreneurship. &quot;}\\\" data-sheets-userformat=\\\"{&quot;2&quot;:14847,&quot;3&quot;:{&quot;1&quot;:0,&quot;3&quot;:1},&quot;4&quot;:{&quot;1&quot;:2,&quot;2&quot;:16777215},&quot;5&quot;:{&quot;1&quot;:[{&quot;1&quot;:2,&quot;2&quot;:0,&quot;5&quot;:{&quot;1&quot;:2,&quot;2&quot;:0}},{&quot;1&quot;:0,&quot;2&quot;:0,&quot;3&quot;:3},{&quot;1&quot;:1,&quot;2&quot;:0,&quot;4&quot;:1}]},&quot;6&quot;:{&quot;1&quot;:[{&quot;1&quot;:2,&quot;2&quot;:0,&quot;5&quot;:{&quot;1&quot;:2,&quot;2&quot;:0}},{&quot;1&quot;:0,&quot;2&quot;:0,&quot;3&quot;:3},{&quot;1&quot;:1,&quot;2&quot;:0,&quot;4&quot;:1}]},&quot;7&quot;:{&quot;1&quot;:[{&quot;1&quot;:2,&quot;2&quot;:0,&quot;5&quot;:{&quot;1&quot;:2,&quot;2&quot;:0}},{&quot;1&quot;:0,&quot;2&quot;:0,&quot;3&quot;:3},{&quot;1&quot;:1,&quot;2&quot;:0,&quot;4&quot;:1}]},&quot;8&quot;:{&quot;1&quot;:[{&quot;1&quot;:2,&quot;2&quot;:0,&quot;5&quot;:{&quot;1&quot;:0}},{&quot;1&quot;:0,&quot;2&quot;:0,&quot;3&quot;:3},{&quot;1&quot;:1,&quot;2&quot;:0,&quot;4&quot;:1}]},&quot;9&quot;:0,&quot;10&quot;:1,&quot;11&quot;:4,&quot;14&quot;:{&quot;1&quot;:2,&quot;2&quot;:3354930},&quot;15&quot;:&quot;Calibri&quot;,&quot;16&quot;:11}\\\">Como organiza\\u00e7\\u00e3o autossustent\\u00e1vel, din\\u00e2mica e aberta \\u00e0 coopera\\u00e7\\u00e3o, tem como objetivo disponibilizar um vasto leque de forma\\u00e7\\u00f5es formais e informais \\u00e0s organiza\\u00e7\\u00f5es que pretendam desenvolver-se na regi\\u00e3o, bem como \\u00e0queles que queiram aprender, sem qualquer limite de idade. O Centro garante o dom\\u00ednio de compet\\u00eancias de alto n\\u00edvel, indispens\\u00e1veis na maioria das profiss\\u00f5e. Entre estas compet\\u00eancias \\\"transversais\\\", as compet\\u00eancias lingu\\u00edsticas s\\u00e3o da maior import\\u00e2ncia, pelo que disponibilza cursos de l\\u00ednguas, desde o n\\u00edvel de inicia\\u00e7\\u00e3o ao avan\\u00e7ado, em pequenos grupos eficazes e em aulas individuais. No \\u00e2mbito dos projetos de desenvolvimento educativo, procura formas e meios eficazes de preparar a m\\u00e3o de obra da regi\\u00e3o para as r\\u00e1pidas mudan\\u00e7as econ\\u00f3micas, incentivando o empreendedorismo.<\\\/span><\\\/p>\",\"image\":\"wp-content\\\/uploads\\\/2022\\\/03\\\/SPEKTRUM.png\"}},{\"type\":\"accordion_item\",\"props\":{\"title\":\"INFODEF\",\"link\":\"www.infodef.es\",\"content\":\"\n\n<p><span data-sheets-value=\\\"{&quot;1&quot;:2,&quot;2&quot;:&quot;INFODEF, Institute for the Promotion of Development and Training, is a private and independent centre for Research, Development and Innovation that supports the modernisation of educational systems and the pedagogical innovativeness of public and private educational institutions at national and European levels. INFODEF has extensibility worked on the definition of EQF and ECVET based Training Curriculums, the design of new tools for the identification, assessment and validation of basic, key, transversal and professional competencies, the development of innovative ICT-based tools, the design of methodologies to support Work-Based-Learning programmes and practices, new instruments for the recognition and validation of non-formal and informal learning, entrepreneurship education, and the evaluation and quality assessment of educational programmes. \\\\nOne of the main areas of expertise of INFODEF is the design of innovative methodologies and tools to support SMART Specialisation Strategies in Tourism for Regional Development. INFODEF is partner of the cluster AEICE, a grouping of more than 100 companies, research &amp; development centres, Universities and Public Administrations that fosters the social and economic development of the territory through collaboration, innovation, internationalisation, training and communication in various fields, including Tourism, Natural, and Cultural Heritage. \\\\n&quot;}\\\" data-sheets-userformat=\\\"{&quot;2&quot;:14719,&quot;3&quot;:{&quot;1&quot;:0,&quot;3&quot;:1},&quot;4&quot;:{&quot;1&quot;:2,&quot;2&quot;:16777215},&quot;5&quot;:{&quot;1&quot;:[{&quot;1&quot;:2,&quot;2&quot;:0,&quot;5&quot;:{&quot;1&quot;:2,&quot;2&quot;:0}},{&quot;1&quot;:0,&quot;2&quot;:0,&quot;3&quot;:3},{&quot;1&quot;:1,&quot;2&quot;:0,&quot;4&quot;:1}]},&quot;6&quot;:{&quot;1&quot;:[{&quot;1&quot;:2,&quot;2&quot;:0,&quot;5&quot;:{&quot;1&quot;:2,&quot;2&quot;:0}},{&quot;1&quot;:0,&quot;2&quot;:0,&quot;3&quot;:3},{&quot;1&quot;:1,&quot;2&quot;:0,&quot;4&quot;:1}]},&quot;7&quot;:{&quot;1&quot;:[{&quot;1&quot;:2,&quot;2&quot;:0,&quot;5&quot;:{&quot;1&quot;:2,&quot;2&quot;:0}},{&quot;1&quot;:0,&quot;2&quot;:0,&quot;3&quot;:3},{&quot;1&quot;:1,&quot;2&quot;:0,&quot;4&quot;:1}]},&quot;8&quot;:{&quot;1&quot;:[{&quot;1&quot;:2,&quot;2&quot;:0,&quot;5&quot;:{&quot;1&quot;:0}},{&quot;1&quot;:0,&quot;2&quot;:0,&quot;3&quot;:3},{&quot;1&quot;:1,&quot;2&quot;:0,&quot;4&quot;:1}]},&quot;9&quot;:0,&quot;11&quot;:4,&quot;14&quot;:{&quot;1&quot;:2,&quot;2&quot;:3354930},&quot;15&quot;:&quot;Calibri&quot;,&quot;16&quot;:11}\\\">O INFODEF, Instituto para el Fomento del Desarrollo y la Formaci\\u00f3n, \\u00e9 um centro privado e independente de Investiga\\u00e7\\u00e3o, Desenvolvimento e Inova\\u00e7\\u00e3o que apoia a moderniza\\u00e7\\u00e3o dos sistemas educativos e a inova\\u00e7\\u00e3o pedag\\u00f3gica das institui\\u00e7\\u00f5es de ensino p\\u00fablicas e privadas ao n\\u00edvel nacional e europeu. Tem trabalhado na defini\\u00e7\\u00e3o de curr\\u00edculos de forma\\u00e7\\u00e3o baseados no QEQ e no ECVET, na conce\\u00e7\\u00e3o de novas ferramentas para a identifica\\u00e7\\u00e3o, avalia\\u00e7\\u00e3o e valida\\u00e7\\u00e3o de compet\\u00eancias b\\u00e1sicas, essenciais, transversais e profissionais, no desenvolvimento de ferramentas inovadoras baseadas nas TIC, na conce\\u00e7\\u00e3o de metodologias de apoio a programas e pr\\u00e1ticas de aprendizagem em contexto de trabalho, em novos instrumentos para o reconhecimento e valida\\u00e7\\u00e3o da aprendizagem n\\u00e3o formal e informal, na educa\\u00e7\\u00e3o para o empreendedorismo e na avalia\\u00e7\\u00e3o e aferi\\u00e7\\u00e3o da qualidade dos programas educativos. Uma das suas principais \\u00e1reas de especializa\\u00e7\\u00e3o \\u00e9 a conce\\u00e7\\u00e3o de metodologias e ferramentas inovadoras para apoiar as Estrat\\u00e9gias de Especializa\\u00e7\\u00e3o SMART no Turismo para o Desenvolvimento Regional. O INFODEF \\u00e9 parceiro do cluster AEICE, um agrupamento de mais de 100 empresas, centros de investiga\\u00e7\\u00e3o e desenvolvimento, Universidades e Administra\\u00e7\\u00f5es P\\u00fablicas que promove o desenvolvimento social e econ\\u00f3mico do territ\\u00f3rio atrav\\u00e9s da colabora\\u00e7\\u00e3o, inova\\u00e7\\u00e3o, internacionaliza\\u00e7\\u00e3o, forma\\u00e7\\u00e3o e comunica\\u00e7\\u00e3o em v\\u00e1rios dom\\u00ednios, incluindo o Turismo, o Patrim\\u00f3nio Natural e Cultural.<\\\/span><\\\/p>\",\"image\":\"wp-content\\\/uploads\\\/2022\\\/03\\\/INFODEF.png\"}}],\"props\":{\"multiple\":false,\"collapsible\":false,\"show_image\":true,\"show_link\":true,\"title_element\":\"h3\",\"image_align\":\"top\",\"image_grid_width\":\"1-2\",\"link_text\":\"[website_text]\",\"link_style\":\"primary\",\"image_svg_color\":\"emphasis\",\"image_grid_breakpoint\":\"m\",\"content_column_breakpoint\":\"m\",\"content_dropcap\":false,\"content_column\":\"\",\"id\":\"accordion-image-top\",\"image_height\":\"300\",\"text_align\":\"center\",\"class\":\"partners-accordion\",\"link_target\":true,\"css\":\".el-image {max-width:350px;}\"}}]}]}],\"name\":\"p pt\"}],\"version\":\"2.7.22\"} --><\/p>\n","protected":false},"excerpt":{"rendered":"<p>Sobre Build a network of local advisors to put small tourism providers in watercourse regions on a more sustainable path. Vis\u00e3o Geral Devido \u00e0 pandemia..<\/p>\n","protected":false},"author":1,"featured_media":0,"parent":0,"menu_order":0,"comment_status":"closed","ping_status":"closed","template":"","meta":{"_acf_changed":false,"inline_featured_image":false,"footnotes":""},"class_list":["post-733","page","type-page","status-publish","hentry"],"acf":[],"_links":{"self":[{"href":"https:\/\/bluetourism.eu\/pt-pt\/wp-json\/wp\/v2\/pages\/733","targetHints":{"allow":["GET"]}}],"collection":[{"href":"https:\/\/bluetourism.eu\/pt-pt\/wp-json\/wp\/v2\/pages"}],"about":[{"href":"https:\/\/bluetourism.eu\/pt-pt\/wp-json\/wp\/v2\/types\/page"}],"author":[{"embeddable":true,"href":"https:\/\/bluetourism.eu\/pt-pt\/wp-json\/wp\/v2\/users\/1"}],"replies":[{"embeddable":true,"href":"https:\/\/bluetourism.eu\/pt-pt\/wp-json\/wp\/v2\/comments?post=733"}],"version-history":[{"count":5,"href":"https:\/\/bluetourism.eu\/pt-pt\/wp-json\/wp\/v2\/pages\/733\/revisions"}],"predecessor-version":[{"id":1044,"href":"https:\/\/bluetourism.eu\/pt-pt\/wp-json\/wp\/v2\/pages\/733\/revisions\/1044"}],"wp:attachment":[{"href":"https:\/\/bluetourism.eu\/pt-pt\/wp-json\/wp\/v2\/media?parent=733"}],"curies":[{"name":"wp","href":"https:\/\/api.w.org\/{rel}","templated":true}]}}