{"id":731,"date":"2022-02-24T14:11:37","date_gmt":"2022-02-24T14:11:37","guid":{"rendered":"https:\/\/www.bluetourism.eu\/home\/"},"modified":"2024-02-27T10:17:58","modified_gmt":"2024-02-27T10:17:58","slug":"home","status":"publish","type":"page","link":"https:\/\/bluetourism.eu\/es\/","title":{"rendered":"In\u00edcio"},"content":{"rendered":"<p><img decoding=\"async\" src=\"\/wp-content\/uploads\/2022\/04\/b.svg\" alt=\"\"><\/p>\n<h1>\n<p style=\"color: #fff;\"><b>Contribuyendo a hacer la econom\u00eda \u201cm\u00e1s azul\u201d <\/b><\/p>\n<p><i><span style=\"color: #fff;\">Cambiando mentalidades y apoyando a los peque\u00f1os proveedores de turismo para que adopten pr\u00e1cticas sostenibles.<br \/>\n<\/span><\/i><\/p>\n<\/h1>\n<p>\n    <a href=\"\/es\/about\">Leer m\u00e1s<\/a>\n<\/p>\n<ul>\n<li>\n<p>        <img decoding=\"async\" src=\"\/wp-content\/uploads\/2022\/12\/BT-pic1.png\" alt=\"\"><\/p>\n<h3>Portugal, Beira Baixa<\/h3>\n<\/li>\n<li>\n<p>        <img decoding=\"async\" src=\"\/wp-content\/uploads\/2022\/12\/Copy-of-20210628_1931551.jpg\" alt=\"\"><\/p>\n<h3>Slovenia<\/h3>\n<\/li>\n<li>\n<p>        <img decoding=\"async\" src=\"\/wp-content\/uploads\/2022\/12\/2021-01-25-15.23.191.jpg\" alt=\"\"><\/p>\n<h3>Cyprus, Oroklini<\/h3>\n<\/li>\n<li>\n<p>        <img decoding=\"async\" src=\"\/wp-content\/uploads\/2022\/12\/CARDET-151.jpg\" alt=\"\"><\/p>\n<h3>Romania, Lake Sf\u00e2nta Ana<\/h3>\n<\/li>\n<li>\n<p>        <img decoding=\"async\" src=\"\/wp-content\/uploads\/2024\/02\/unnamed1.jpg\" alt=\"\"><\/p>\n<h3>Drava River, Slovenia<\/h3>\n<\/li>\n<li>\n<p>        <img decoding=\"async\" src=\"\/wp-content\/uploads\/2024\/02\/unnamed-2-scaled.jpg\" alt=\"\"><\/p>\n<h3>Drava River, Slovenia<\/h3>\n<\/li>\n<li>\n<p>        <img decoding=\"async\" src=\"\/wp-content\/uploads\/2024\/02\/unnamed-31.jpg\" alt=\"\"><\/p>\n<h3>Drava River, Slovenia<\/h3>\n<\/li>\n<li>\n<p>        <img decoding=\"async\" src=\"\/wp-content\/uploads\/2024\/02\/unnamed-4.jpg\" alt=\"\"><\/p>\n<h3>Drava River, Slovenia<\/h3>\n<\/li>\n<li>\n<p>        <img decoding=\"async\" src=\"\/wp-content\/uploads\/2024\/02\/Castile-and-Leon.jpg\" alt=\"\"><\/p>\n<h3>Castile and Le\u00f3n, Spain<\/h3>\n<\/li>\n<li>\n<p>        <img decoding=\"async\" src=\"\/wp-content\/uploads\/2024\/02\/Castile-and-Leon1.jpg\" alt=\"\"><\/p>\n<h3>Castile and Le\u00f3n, Spain<\/h3>\n<\/li>\n<li>\n<p>        <img decoding=\"async\" src=\"\/wp-content\/uploads\/2024\/02\/TPM-4-Castile-and-Leon.jpg\" alt=\"\"><\/p>\n<h3>Castile and Le\u00f3n, Spain<\/h3>\n<\/li>\n<li>\n<p>        <img decoding=\"async\" src=\"\/wp-content\/uploads\/2024\/02\/Medina-de-Rioseco.jpg\" alt=\"\"><\/p>\n<h3>Medina de Rioseco, Spain<\/h3>\n<\/li>\n<li>\n<p>        <img decoding=\"async\" src=\"\/wp-content\/uploads\/2024\/02\/Lake-Sfanta-Ana.jpg\" alt=\"\"><\/p>\n<h3>Lake Sf\u00e2nta Ana, Romania<\/h3>\n<\/li>\n<li>\n<p>        <img decoding=\"async\" src=\"\/wp-content\/uploads\/2024\/02\/Lake-Sfanta-Ana-2.jpg\" alt=\"\"><\/p>\n<h3>Lake Sf\u00e2nta Ana, Romania<\/h3>\n<\/li>\n<li>\n<p>        <img decoding=\"async\" src=\"\/wp-content\/uploads\/2024\/02\/Lake-Sfanta-Ana-3.jpg\" alt=\"\"><\/p>\n<h3>Lake Sf\u00e2nta Ana, Romania<\/h3>\n<\/li>\n<li>\n<p>        <img decoding=\"async\" src=\"\/wp-content\/uploads\/2024\/02\/Lake-Sfanta-Ana-4.jpeg\" alt=\"\"><\/p>\n<h3>Lake Sf\u00e2nta Ana, Romania<\/h3>\n<\/li>\n<li>\n<p>        <img decoding=\"async\" src=\"\/wp-content\/uploads\/2024\/02\/Tagus-River.jpg\" alt=\"\"><\/p>\n<h3>Tagus River, Portugal<\/h3>\n<\/li>\n<li>\n<p>        <img decoding=\"async\" src=\"\/wp-content\/uploads\/2024\/02\/Tagus-River2.jpg\" alt=\"\"><\/p>\n<h3>Tagus River, Portugal<\/h3>\n<\/li>\n<li>\n<p>        <img decoding=\"async\" src=\"\/wp-content\/uploads\/2024\/02\/Tagus-River-3.jpg\" alt=\"\"><\/p>\n<h3>Tagus River, Portugal<\/h3>\n<\/li>\n<li>\n<p>        <img decoding=\"async\" src=\"\/wp-content\/uploads\/2024\/02\/Tagus-River4.jpg\" alt=\"\"><\/p>\n<h3>Tagus River, Portugal<\/h3>\n<\/li>\n<li>\n<p>        <img decoding=\"async\" src=\"\/wp-content\/uploads\/2024\/02\/cavoaspro1.jpg\" alt=\"\"><\/p>\n<h3>Cavo Aspro, Cyprus<\/h3>\n<\/li>\n<li>\n<p>        <img decoding=\"async\" src=\"\/wp-content\/uploads\/2024\/02\/limassol1.jpg\" alt=\"\"><\/p>\n<h3>Limassol, Cyprus<\/h3>\n<\/li>\n<\/ul>\n<div>\n<p>        <img decoding=\"async\" src=\"\/wp-content\/uploads\/2022\/03\/overview-svg-1.svg\" alt=\"\"><\/p>\n<h3>Sobre el proyecto<\/h3>\n<div>\n<div class=\"el-content uk-panel uk-margin-top\">\n<p><span>Debido a la epidemia de la COVID 19, la industria del turismo se ha visto muy afectada, ya que las restricciones a los viajes internacionales han provocado una disminuci\u00f3n de la facturaci\u00f3n del sector tur\u00edstico al menos entre un 45 y un 70% (OCDE).<br \/>\n<\/span><\/p>\n<p><span>Por medio de este proyecto se da la oportunidad de repensar el turismo en su conjunto, cambiando m\u00e1s decididamente de modelos de sobre-turismo a modelos de turismo sostenible que ya existen.<br \/>\n<\/span><\/p>\n<\/div>\n<\/div>\n<p><a href=\"\/es\/about\">Leer m\u00e1s<\/a><\/p>\n<\/div>\n<p><iframe src=\"https:\/\/www.youtube.com\/watch?v=Ku1Ucbl_EIg\"><\/iframe><\/p>\n<div>\n<p>        <img decoding=\"async\" src=\"\/wp-content\/uploads\/2022\/03\/Asset-11.png\" alt=\"\"><\/p>\n<h3>Espacio de aprendizaje online <\/h3>\n<div>\n<p>El espacio de aprendizaje online est\u00e1 concebido como una ventanilla \u00fanica que brindar\u00e1 acceso instant\u00e1neo a un conjunto completo de recursos de aprendizaje digital, como m\u00f3dulos online, material de capacitaci\u00f3n y otros recursos educativos abiertos (REA).<\/p>\n<\/div>\n<p><a href=\"\/es\/digital-space\">Leer m\u00e1s<\/a><\/p>\n<\/div>\n<h2>Noticias<\/h2>\n<div>\n<\/div>\n<p>\n    <a href=\"\/es\/category\/news\/\">Ver todas las noticias<\/a>\n<\/p>\n<p><!--more--><br \/>\n<!-- {\"type\":\"layout\",\"children\":[{\"type\":\"section\",\"props\":{\"style\":\"primary\",\"width\":\"default\",\"vertical_align\":\"middle\",\"title_position\":\"top-left\",\"title_rotation\":\"left\",\"title_breakpoint\":\"xl\",\"image_position\":\"center-center\",\"animation\":\"fade\",\"animation_delay\":\"100\",\"image\":\"\",\"css\":\".el-section{position:relative; background:#57D4CA}\",\"height\":\"full\",\"padding_remove_top\":false},\"children\":[{\"type\":\"row\",\"children\":[{\"type\":\"column\",\"props\":{\"position_sticky_breakpoint\":\"m\",\"image_position\":\"center-center\",\"media_overlay_gradient\":\"\"},\"children\":[{\"type\":\"image\",\"props\":{\"margin\":\"default\",\"image_svg_color\":\"emphasis\",\"image\":\"wp-content\\\/uploads\\\/2022\\\/04\\\/b.svg\",\"class\":\"hero-image\"}}]}]},{\"type\":\"row\",\"props\":{\"layout\":\"1-2,1-2\"},\"children\":[{\"type\":\"column\",\"props\":{\"position_sticky_breakpoint\":\"m\",\"image_position\":\"center-center\",\"media_overlay_gradient\":\"\",\"width_medium\":\"1-2\"},\"children\":[{\"type\":\"headline\",\"props\":{\"title_element\":\"h1\",\"title_color\":\"success\",\"content\":\"\n\n<p style=\\\"color: #fff;\\\"><b>Contribuyendo a hacer la econom\\u00eda \\u201cm\\u00e1s azul\\u201d <\\\/b><\\\/p>\\n\n\n<p><i><span style=\\\"color: #fff;\\\">Cambiando mentalidades y apoyando a los peque\\u00f1os proveedores de turismo para que adopten pr\\u00e1cticas sostenibles.\\n<\\\/span><\\\/i><\\\/p>\",\"title_style\":\"h2\",\"position\":\"relative\",\"position_bottom\":\"3\"}},{\"type\":\"button\",\"props\":{\"grid_column_gap\":\"small\",\"grid_row_gap\":\"small\",\"margin\":\"default\",\"css\":\".uk-button {color:#4CD3CA; border:2px solid #4CD3CA}\\n.uk-button:hover{border:2px solid #fff;color:#fff;}\",\"position\":\"relative\",\"position_bottom\":\"3\"},\"children\":[{\"type\":\"button_item\",\"props\":{\"button_style\":\"primary\",\"icon_align\":\"left\",\"content\":\"[readmore_text]\",\"link\":\"es\\\/about\"}}]}]},{\"type\":\"column\",\"props\":{\"position_sticky_breakpoint\":\"m\",\"image_position\":\"center-center\",\"media_overlay_gradient\":\"\",\"width_medium\":\"1-2\"},\"children\":[{\"type\":\"overlay-slider\",\"props\":{\"show_title\":true,\"show_meta\":true,\"show_content\":true,\"show_link\":true,\"show_hover_image\":true,\"slider_width\":\"fixed\",\"slider_width_default\":\"1-1\",\"slider_width_medium\":\"1-1\",\"slider_gap\":\"default\",\"slider_autoplay_pause\":true,\"nav\":\"dotnav\",\"nav_align\":\"center\",\"nav_breakpoint\":\"s\",\"slidenav\":\"default\",\"slidenav_margin\":\"medium\",\"slidenav_breakpoint\":\"s\",\"slidenav_outside_breakpoint\":\"xl\",\"overlay_mode\":\"cover\",\"overlay_position\":\"center\",\"overlay_transition\":\"fade\",\"title_hover_style\":\"reset\",\"title_element\":\"h3\",\"meta_style\":\"meta\",\"meta_align\":\"below-title\",\"meta_element\":\"div\",\"link_text\":\"Read more\",\"link_style\":\"default\",\"text_align\":\"center\",\"margin\":\"default\",\"slider_width_large\":\"1-1\",\"slider_width_xlarge\":\"1-1\",\"slider_autoplay\":true,\"overlay_hover\":true,\"overlay_style\":\"overlay-default\",\"css\":\".uk-overlay-default {\\n  background: rgba(0,0,0,.4);\\n}\\n\",\"slidenav_large\":true,\"class\":\"pic-slid\"},\"children\":[{\"type\":\"overlay-slider_item\",\"props\":{\"image\":\"wp-content\\\/uploads\\\/2022\\\/12\\\/BT-pic1.png\",\"title\":\"Portugal, Beira Baixa\"}},{\"type\":\"overlay-slider_item\",\"props\":{\"image\":\"wp-content\\\/uploads\\\/2022\\\/12\\\/Copy-of-20210628_1931551.jpg\",\"title\":\"Slovenia\"}},{\"type\":\"overlay-slider_item\",\"props\":{\"image\":\"wp-content\\\/uploads\\\/2022\\\/12\\\/2021-01-25-15.23.191.jpg\",\"title\":\"Cyprus, Oroklini\"}},{\"type\":\"overlay-slider_item\",\"props\":{\"image\":\"wp-content\\\/uploads\\\/2022\\\/12\\\/CARDET-151.jpg\",\"title\":\"Romania, Lake Sf\\u00e2nta Ana\"}},{\"type\":\"overlay-slider_item\",\"props\":{\"title\":\"Drava River, Slovenia\",\"image\":\"wp-content\\\/uploads\\\/2024\\\/02\\\/unnamed1.jpg\"}},{\"type\":\"overlay-slider_item\",\"props\":{\"title\":\"Drava River, Slovenia\",\"image\":\"wp-content\\\/uploads\\\/2024\\\/02\\\/unnamed-2-scaled.jpg\"}},{\"type\":\"overlay-slider_item\",\"props\":{\"title\":\"Drava River, Slovenia\",\"image\":\"wp-content\\\/uploads\\\/2024\\\/02\\\/unnamed-31.jpg\"}},{\"type\":\"overlay-slider_item\",\"props\":{\"title\":\"Drava River, Slovenia\",\"image\":\"wp-content\\\/uploads\\\/2024\\\/02\\\/unnamed-4.jpg\"}},{\"type\":\"overlay-slider_item\",\"props\":{\"title\":\"Castile and Le\\u00f3n, Spain\",\"image\":\"wp-content\\\/uploads\\\/2024\\\/02\\\/Castile-and-Leon.jpg\"}},{\"type\":\"overlay-slider_item\",\"props\":{\"title\":\"Castile and Le\\u00f3n, Spain\",\"image\":\"wp-content\\\/uploads\\\/2024\\\/02\\\/Castile-and-Leon1.jpg\"}},{\"type\":\"overlay-slider_item\",\"props\":{\"title\":\"Castile and Le\\u00f3n, Spain\",\"image\":\"wp-content\\\/uploads\\\/2024\\\/02\\\/TPM-4-Castile-and-Leon.jpg\"}},{\"type\":\"overlay-slider_item\",\"props\":{\"title\":\"Medina de Rioseco, Spain\",\"image\":\"wp-content\\\/uploads\\\/2024\\\/02\\\/Medina-de-Rioseco.jpg\"}},{\"type\":\"overlay-slider_item\",\"props\":{\"title\":\"Lake Sf\\u00e2nta Ana, Romania\",\"image\":\"wp-content\\\/uploads\\\/2024\\\/02\\\/Lake-Sfanta-Ana.jpg\"}},{\"type\":\"overlay-slider_item\",\"props\":{\"title\":\"Lake Sf\\u00e2nta Ana, Romania\",\"image\":\"wp-content\\\/uploads\\\/2024\\\/02\\\/Lake-Sfanta-Ana-2.jpg\"}},{\"type\":\"overlay-slider_item\",\"props\":{\"title\":\"Lake Sf\\u00e2nta Ana, Romania\",\"image\":\"wp-content\\\/uploads\\\/2024\\\/02\\\/Lake-Sfanta-Ana-3.jpg\"}},{\"type\":\"overlay-slider_item\",\"props\":{\"title\":\"Lake Sf\\u00e2nta Ana, Romania\",\"image\":\"wp-content\\\/uploads\\\/2024\\\/02\\\/Lake-Sfanta-Ana-4.jpeg\"}},{\"type\":\"overlay-slider_item\",\"props\":{\"title\":\"Tagus River, Portugal\",\"image\":\"wp-content\\\/uploads\\\/2024\\\/02\\\/Tagus-River.jpg\"}},{\"type\":\"overlay-slider_item\",\"props\":{\"title\":\"Tagus River, Portugal\",\"image\":\"wp-content\\\/uploads\\\/2024\\\/02\\\/Tagus-River2.jpg\"}},{\"type\":\"overlay-slider_item\",\"props\":{\"title\":\"Tagus River, Portugal\",\"image\":\"wp-content\\\/uploads\\\/2024\\\/02\\\/Tagus-River-3.jpg\"}},{\"type\":\"overlay-slider_item\",\"props\":{\"title\":\"Tagus River, Portugal\",\"image\":\"wp-content\\\/uploads\\\/2024\\\/02\\\/Tagus-River4.jpg\"}},{\"type\":\"overlay-slider_item\",\"props\":{\"title\":\"Cavo Aspro, Cyprus\",\"image\":\"wp-content\\\/uploads\\\/2024\\\/02\\\/cavoaspro1.jpg\"}},{\"type\":\"overlay-slider_item\",\"props\":{\"title\":\"Limassol, Cyprus\",\"image\":\"wp-content\\\/uploads\\\/2024\\\/02\\\/limassol1.jpg\"}}],\"name\":\"photos slider hero \"}]}]}]},{\"type\":\"section\",\"props\":{\"style\":\"default\",\"width\":\"default\",\"vertical_align\":\"middle\",\"title_position\":\"top-left\",\"title_rotation\":\"left\",\"title_breakpoint\":\"xl\",\"image_position\":\"center-center\",\"padding\":\"large\",\"animation\":\"slide-bottom\",\"animation_delay\":\"100\"},\"children\":[{\"type\":\"row\",\"children\":[{\"type\":\"column\",\"props\":{\"position_sticky_breakpoint\":\"m\",\"image_position\":\"center-center\",\"media_overlay_gradient\":\"\"},\"children\":[{\"type\":\"panel\",\"props\":{\"link_text\":\"[readmore_text]\",\"title_hover_style\":\"reset\",\"title_element\":\"h3\",\"title_align\":\"top\",\"title_grid_width\":\"1-2\",\"title_grid_breakpoint\":\"m\",\"meta_style\":\"meta\",\"meta_align\":\"below-title\",\"meta_element\":\"div\",\"content_column_breakpoint\":\"m\",\"icon_width\":80,\"image_align\":\"right\",\"image_grid_width\":\"1-3\",\"image_grid_breakpoint\":\"m\",\"image_svg_color\":\"emphasis\",\"link_style\":\"primary\",\"margin\":\"large\",\"title\":\"Sobre el proyecto\",\"content\":\"\n\n<div class=\\\"el-content uk-panel uk-margin-top\\\">\\n\n\n<p><span>Debido a la epidemia de la COVID 19, la industria del turismo se ha visto muy afectada, ya que las restricciones a los viajes internacionales han provocado una disminuci\\u00f3n de la facturaci\\u00f3n del sector tur\\u00edstico al menos entre un 45 y un 70% (OCDE).\\n<\\\/span><\\\/p>\\n\n\n<p><span>Por medio de este proyecto se da la oportunidad de repensar el turismo en su conjunto, cambiando m\\u00e1s decididamente de modelos de sobre-turismo a modelos de turismo sostenible que ya existen.\\n<\\\/span><\\\/p>\\n<\\\/div>\",\"image\":\"wp-content\\\/uploads\\\/2022\\\/03\\\/overview-svg-1.svg\",\"title_color\":\"success\",\"link\":\"es\\\/about\",\"css\":\".el-image {max-height:300px}\"},\"name\":\"Panel with image RIGHT\"},{\"type\":\"video\",\"props\":{\"video_controls\":true,\"margin\":\"default\",\"class\":\"prom-vid\",\"video\":\"https:\\\/\\\/www.youtube.com\\\/watch?v=Ku1Ucbl_EIg\"},\"name\":\"prom vid\"},{\"type\":\"panel\",\"props\":{\"link_text\":\"[readmore_text]\",\"title_hover_style\":\"reset\",\"title_element\":\"h3\",\"title_align\":\"top\",\"title_grid_width\":\"1-2\",\"title_grid_breakpoint\":\"m\",\"meta_style\":\"meta\",\"meta_align\":\"below-title\",\"meta_element\":\"div\",\"content_column_breakpoint\":\"m\",\"icon_width\":80,\"image_align\":\"left\",\"image_grid_width\":\"1-3\",\"image_grid_breakpoint\":\"m\",\"image_svg_color\":\"emphasis\",\"link_style\":\"primary\",\"margin\":\"default\",\"title\":\"Espacio de aprendizaje online \",\"content\":\"\n\n<p>El espacio de aprendizaje online est\\u00e1 concebido como una ventanilla \\u00fanica que brindar\\u00e1 acceso instant\\u00e1neo a un conjunto completo de recursos de aprendizaje digital, como m\\u00f3dulos online, material de capacitaci\\u00f3n y otros recursos educativos abiertos (REA).\\n\\n<\\\/p>\",\"image\":\"wp-content\\\/uploads\\\/2022\\\/03\\\/Asset-11.png\",\"title_color\":\"success\",\"link\":\"es\\\/digital-space\"},\"name\":\"left-image-panel\"}]}]}]},{\"type\":\"section\",\"props\":{\"style\":\"muted\",\"width\":\"default\",\"vertical_align\":\"middle\",\"title_position\":\"top-left\",\"title_rotation\":\"left\",\"title_breakpoint\":\"xl\",\"image_position\":\"center-center\",\"padding\":\"small\",\"animation\":\"fade\",\"animation_delay\":\"50\"},\"children\":[{\"type\":\"row\",\"children\":[{\"type\":\"column\",\"props\":{\"position_sticky_breakpoint\":\"m\",\"image_position\":\"center-center\",\"media_overlay_gradient\":\"\"},\"children\":[{\"type\":\"headline\",\"props\":{\"title_element\":\"h2\",\"title_style\":\"h2\",\"title_color\":\"success\",\"text_align\":\"center\",\"content\":\"Noticias\"}},{\"type\":\"grid\",\"props\":{\"show_title\":true,\"show_meta\":true,\"show_content\":true,\"show_image\":true,\"show_link\":true,\"grid_default\":\"1\",\"grid_medium\":\"3\",\"filter_style\":\"tab\",\"filter_all\":true,\"filter_position\":\"top\",\"filter_align\":\"left\",\"filter_grid_width\":\"auto\",\"filter_grid_breakpoint\":\"m\",\"title_hover_style\":\"reset\",\"title_element\":\"h3\",\"title_align\":\"top\",\"title_grid_width\":\"1-2\",\"title_grid_breakpoint\":\"m\",\"meta_style\":\"meta\",\"meta_align\":\"below-title\",\"meta_element\":\"div\",\"content_column_breakpoint\":\"m\",\"icon_width\":80,\"image_align\":\"top\",\"image_grid_width\":\"1-2\",\"image_grid_breakpoint\":\"m\",\"image_svg_color\":\"emphasis\",\"link_text\":\"\",\"link_style\":\"secondary\",\"margin\":\"default\",\"item_animation\":true,\"panel_style\":\"card-default\",\"class\":\"news-grid\",\"panel_link\":true,\"animation\":\"slide-bottom-medium\"},\"children\":[{\"type\":\"grid_item\",\"props\":{\"link_text\":\"\"},\"source\":{\"query\":{\"name\":\"posts.customPosts\",\"arguments\":{\"terms\":[10],\"category_operator\":\"IN\",\"post_tag_operator\":\"IN\",\"users\":[],\"users_operator\":\"IN\",\"offset\":0,\"limit\":3,\"order\":\"date\",\"order_direction\":\"DESC\"}},\"props\":{\"title\":{\"filters\":{\"search\":\"\"},\"name\":\"title\"},\"content\":{\"filters\":{\"search\":\"\"},\"name\":\"excerpt\"},\"image\":{\"filters\":{\"search\":\"\"},\"name\":\"featuredImage.url\"},\"link\":{\"filters\":{\"search\":\"\"},\"name\":\"link\"}}}}]},{\"type\":\"button\",\"props\":{\"grid_column_gap\":\"small\",\"grid_row_gap\":\"small\",\"margin\":\"default\",\"text_align\":\"center\"},\"children\":[{\"type\":\"button_item\",\"props\":{\"button_style\":\"primary\",\"icon_align\":\"left\",\"content\":\"Ver todas las noticias\",\"link\":\"es\\\/category\\\/news\\\/\"}}]}]}]}]}],\"version\":\"2.7.22\"} --><\/p>\n","protected":false},"excerpt":{"rendered":"<p>Contribuyendo a hacer la econom\u00eda \u201cm\u00e1s azul\u201d Cambiando mentalidades y apoyando a los peque\u00f1os proveedores de turismo para que adopten pr\u00e1cticas sostenibles. Portugal, Beira Baixa..<\/p>\n","protected":false},"author":1,"featured_media":0,"parent":0,"menu_order":0,"comment_status":"closed","ping_status":"closed","template":"","meta":{"_acf_changed":false,"inline_featured_image":false,"footnotes":""},"class_list":["post-731","page","type-page","status-publish","hentry"],"acf":[],"_links":{"self":[{"href":"https:\/\/bluetourism.eu\/es\/wp-json\/wp\/v2\/pages\/731","targetHints":{"allow":["GET"]}}],"collection":[{"href":"https:\/\/bluetourism.eu\/es\/wp-json\/wp\/v2\/pages"}],"about":[{"href":"https:\/\/bluetourism.eu\/es\/wp-json\/wp\/v2\/types\/page"}],"author":[{"embeddable":true,"href":"https:\/\/bluetourism.eu\/es\/wp-json\/wp\/v2\/users\/1"}],"replies":[{"embeddable":true,"href":"https:\/\/bluetourism.eu\/es\/wp-json\/wp\/v2\/comments?post=731"}],"version-history":[{"count":6,"href":"https:\/\/bluetourism.eu\/es\/wp-json\/wp\/v2\/pages\/731\/revisions"}],"predecessor-version":[{"id":1663,"href":"https:\/\/bluetourism.eu\/es\/wp-json\/wp\/v2\/pages\/731\/revisions\/1663"}],"wp:attachment":[{"href":"https:\/\/bluetourism.eu\/es\/wp-json\/wp\/v2\/media?parent=731"}],"curies":[{"name":"wp","href":"https:\/\/api.w.org\/{rel}","templated":true}]}}